{"id":8565,"date":"2018-09-14T22:15:00","date_gmt":"2018-09-14T22:15:00","guid":{"rendered":"https:\/\/laorotava.salesianos.edu\/colegio\/?page_id=8565"},"modified":"2025-08-25T06:25:07","modified_gmt":"2025-08-25T06:25:07","slug":"portal-de-transparencia","status":"publish","type":"page","link":"https:\/\/laorotava.salesianos.edu\/colegio\/portal-de-transparencia\/","title":{"rendered":"Portal de Transparencia"},"content":{"rendered":"<div id=\"fb-root\"><\/div>\n<p>[et_pb_section fb_built=\u00bb1&#8243; fullwidth=\u00bbon\u00bb _builder_version=\u00bb4.16&#8243; global_colors_info=\u00bb{}\u00bb][et_pb_fullwidth_header title=\u00bbPortal de Transparencia\u00bb title_font_color=\u00bb#ffffff\u00bb module_class=\u00bbpagina-imagen-cabecera\u00bb _builder_version=\u00bb4.16&#8243; title_text_color=\u00bb#ffffff\u00bb title_font_size=\u00bb40px\u00bb background_color=\u00bbrgba(255, 255, 255, 0)\u00bb background_image=\u00bbhttps:\/\/inspectoria.salesianos.edu\/wp-content\/uploads\/2017\/09\/ImagenPAGINA.jpg\u00bb background_layout=\u00bblight\u00bb max_width_tablet=\u00bb50px\u00bb background_url=\u00bbhttps:\/\/alicante.salesianos.edu\/colegio\/wp-content\/uploads\/sites\/2\/2017\/04\/Archivo_008.jpeg\u00bb global_colors_info=\u00bb{}\u00bb button_one_text_size__hover_enabled=\u00bboff\u00bb button_two_text_size__hover_enabled=\u00bboff\u00bb button_one_text_color__hover_enabled=\u00bboff\u00bb button_two_text_color__hover_enabled=\u00bboff\u00bb button_one_border_width__hover_enabled=\u00bboff\u00bb button_two_border_width__hover_enabled=\u00bboff\u00bb button_one_border_color__hover_enabled=\u00bboff\u00bb button_two_border_color__hover_enabled=\u00bboff\u00bb button_one_border_radius__hover_enabled=\u00bboff\u00bb button_two_border_radius__hover_enabled=\u00bboff\u00bb button_one_letter_spacing__hover_enabled=\u00bboff\u00bb button_two_letter_spacing__hover_enabled=\u00bboff\u00bb button_one_bg_color__hover_enabled=\u00bboff\u00bb button_two_bg_color__hover_enabled=\u00bboff\u00bb][\/et_pb_fullwidth_header][\/et_pb_section][et_pb_section fb_built=\u00bb1&#8243; module_class=\u00bbpagina-seccion-contenido\u00bb _builder_version=\u00bb4.16&#8243; custom_padding=\u00bb0px|0px|54px|0px\u00bb global_colors_info=\u00bb{}\u00bb][et_pb_row column_structure=\u00bb1_2,1_2&#8243; module_class=\u00bbpagina-texto\u00bb _builder_version=\u00bb4.16&#8243; background_size=\u00bbinitial\u00bb background_position=\u00bbtop_left\u00bb background_repeat=\u00bbrepeat\u00bb custom_margin=\u00bb25px|||\u00bb custom_padding=\u00bb25px|||\u00bb global_colors_info=\u00bb{}\u00bb][et_pb_column type=\u00bb1_2&#8243; _builder_version=\u00bb4.16&#8243; custom_padding=\u00bb|||\u00bb global_colors_info=\u00bb{}\u00bb custom_padding__hover=\u00bb|||\u00bb][et_pb_text _builder_version=\u00bb4.16&#8243; background_size=\u00bbinitial\u00bb background_position=\u00bbtop_left\u00bb background_repeat=\u00bbrepeat\u00bb global_colors_info=\u00bb{}\u00bb]<\/p>\n<h1>PORTAL DE TRANSPARENCIA<\/h1>\n<p>[\/et_pb_text][et_pb_text _builder_version=\u00bb4.23&#8243; global_colors_info=\u00bb{}\u00bb]<\/p>\n<p><span style=\"font-weight: 400;\">La transparencia y las buenas pr\u00e1cticas en la gesti\u00f3n y la participaci\u00f3n en los centros privados sostenidos con fondos p\u00fablicos, son principios b\u00e1sicos en el funcionamiento de este centro desde el inicio del proceso de concertaci\u00f3n en el curso 1985\/1986. Nuestro colegio, con la participaci\u00f3n del consejo escolar (\u00f3rgano de representaci\u00f3n y participaci\u00f3n de la comunidad educativa) ha venido cumpliendo con la obligaci\u00f3n de justificar los fondos recibidos cada curso seg\u00fan la normativa aplicable, sin que se haya generado incidencia alguna en tal justificaci\u00f3n.\u00a0<\/span><\/p>\n<p><span style=\"font-weight: 400;\">La justificaci\u00f3n de gastos viene regulada por la Orden de 31 de diciembre de 1990 (BOC n\u00fam. 16, de 6 de febrero), que se apoya en el Real Decreto 2377\/1985, de 18 de diciembre, por el que se aprueba el Reglamento de Normas B\u00e1sicas sobre conciertos educativos, art\u00edculo 40. La Resoluci\u00f3n de \u00a0 28 de julio de 2010,\u00a0 de la Direcci\u00f3n General de Promoci\u00f3n Educativa, aprueba el modelo de certificaci\u00f3n acreditativa de la justificaci\u00f3n de estos gastos.<\/span><\/p>\n<p><span style=\"font-weight: 400;\">La entrada en vigor de la Ley 19\/2013, de 9 de diciembre, de transparencia, acceso a la informaci\u00f3n p\u00fablica y buen gobierno, supone un avance en la regulaci\u00f3n normativa de esta materia, siendo de aplicaci\u00f3n en Canarias, as\u00ed como la propia normativa auton\u00f3mica, que lo recoge en Ley 12\/2014, de 26 de diciembre.\u00a0<\/span><\/p>\n<p><span style=\"font-weight: 400;\">En l\u00ednea con las disposiciones que desarrollan esta ley de transparencia, los centros privados concertados ofrecer\u00e1n acceso a la informaci\u00f3n p\u00fablica de forma presencial, por Internet, y por v\u00eda telef\u00f3nica, de la relaci\u00f3n de informaci\u00f3n que a continuaci\u00f3n se detalla:<\/span><\/p>\n<ol>\n<li><span style=\"font-weight: 400;\">a) Etapas educativas concertadas.<\/span><\/li>\n<li><span style=\"font-weight: 400;\">b) N\u00famero de unidades concertadas por etapa educativa.<\/span><\/li>\n<li><span style=\"font-weight: 400;\">c) N\u00famero de docentes incluidos en el concierto educativo.<\/span><\/li>\n<li><span style=\"font-weight: 400;\">d) Importe percibido mensualmente de la Administraci\u00f3n Educativa, por las unidades concertadas, en concepto de gastos de funcionamiento, y personal complementario en el caso de las unidades concertadas de Educaci\u00f3n Especial.<\/span><\/li>\n<li><span style=\"font-weight: 400;\">e) Horario del centro desglosando etapas y calendario escolar<\/span><\/li>\n<\/ol>\n<p>&nbsp;<\/p>\n<p><span style=\"font-weight: 400;\">A trav\u00e9s del presente Portal de transparencia, el CEIPS SALESIANOS SAN ISIDRO cumple con este compromiso\u00a0 de publicidad activa y desea seguir mostrando su compromiso total con la transparencia en todos los aspectos de su funcionamiento y en el desarrollo de sus actividades, como ha realizado en todo momento. Confiamos en que el presente portal resulte de utilidad para cumplir dicho objetivo de transparencia en la gesti\u00f3n y acceso a la informaci\u00f3n.<\/span><span style=\"font-weight: 400;\"><br \/><\/span><span style=\"font-weight: 400;\"><br \/><\/span><\/p>\n<p><span style=\"font-weight: 400;\">El Colegio centra su actividad en la acci\u00f3n educativa\u00a0 en los niveles educativos de Infantil, Primaria y Secundaria, siendo beneficiario de concierto educativo en los niveles de\u00a0 Infantil, Primaria y Secundaria, por cuanto el Gobierno de Canarias no convoca conciertos educativos, ayudas, subvenciones, y otras medidas de apoyo a las familias para actividades complementarias, extraescolares y servicios escolares, como el aula de acogida matinal y el comedor.<\/span><\/p>\n<p>&nbsp;<\/p>\n<h1><b>ETAPAS EDUCATIVAS CONCERTADAS Y N\u00daMERO DE UNIDADES<\/b><\/h1>\n<table>\n<tbody>\n<tr>\n<td style=\"text-align: center;\"><b>ETAPAS<\/b><\/td>\n<td>\n<p style=\"text-align: center;\"><b>UNIDADES<\/b><\/p>\n<\/td>\n<\/tr>\n<tr>\n<td style=\"text-align: center;\"><b>INFANTIL<\/b><\/td>\n<td style=\"text-align: center;\"><b>9<\/b><\/td>\n<\/tr>\n<tr>\n<td style=\"text-align: center;\"><b>PRIMARIA<\/b><\/td>\n<td style=\"text-align: center;\"><b>18<\/b><\/td>\n<\/tr>\n<tr>\n<td>\n<p style=\"text-align: center;\"><b>SECUNDARIA<\/b><\/p>\n<\/td>\n<td style=\"text-align: center;\"><b>12<\/b><\/td>\n<\/tr>\n<\/tbody>\n<\/table>\n<p>&nbsp;<\/p>\n<p><span style=\"font-size: 14px;\">\u00a0<\/span><\/p>\n<p>[\/et_pb_text][\/et_pb_column][et_pb_column type=\u00bb1_2&#8243; _builder_version=\u00bb4.16&#8243; custom_padding=\u00bb|||\u00bb global_colors_info=\u00bb{}\u00bb custom_padding__hover=\u00bb|||\u00bb][et_pb_text _builder_version=\u00bb4.23&#8243; global_colors_info=\u00bb{}\u00bb]<\/p>\n<p style=\"text-align: justify;\"><span style=\"color: #dc001b; font-family: Arial, Helvetica, Arial, Lucida, sans-serif; font-size: 22px; font-weight: bold; text-align: left;\">\u00a0<\/span><b style=\"color: #dc001b; font-family: Arial, Helvetica, Arial, Lucida, sans-serif; font-size: 22px; text-align: left;\">NORMATIVA APLICABLE<\/b><\/p>\n<ol>\n<li><span style=\"font-weight: 400;\"> Ley Org\u00e1nica 8\/1985, de 3 de julio, reguladora del derecho a la educaci\u00f3n.<\/span><\/li>\n<li><span style=\"font-weight: 400;\">Ley Org\u00e1nica 2\/2006, de 3 de mayo, de Educaci\u00f3n.<\/span><\/li>\n<li><span style=\"font-weight: 400;\">Real Decreto 2377\/1985, de 18 de diciembre, por el que se aprueba el Reglamento de Normas B\u00e1sicas sobre Conciertos Educativos.<\/span><\/li>\n<li><span style=\"font-weight: 400;\">Ley\u00a0 de Presupuestos Generales del Estado, que se publica anualmente.<\/span><\/li>\n<\/ol>\n<p><span style=\"font-weight: 400;\">5.\u00a0 Ley\u00a0 de Presupuestos Generales de la Comunidad Aut\u00f3noma de Canarias, que se publica anualmente.\u00a0\u00a0<\/span><\/p>\n<p><span style=\"font-weight: 400;\">6. ORDEN de 23 de diciembre de 2022, por la que se dictan normas para la suscripci\u00f3n, renovaci\u00f3n y\/o modificaci\u00f3n de los conciertos educativos de las ense\u00f1anzas de 2\u00ba ciclo de Educaci\u00f3n Infantil, Educaci\u00f3n Primaria, Educaci\u00f3n Secundaria Obligatoria, Educaci\u00f3n Especial, Bachillerato y Formaci\u00f3n Profesional para los cursos 2023\/2024 al 2028\/2029.<\/span><\/p>\n<p><span style=\"font-weight: 400;\">7.Acuerdo de 10 de mayo de 2023 entre la Consejer\u00eda de Educaci\u00f3n<br \/>Universidades, Cultura y Deportes del Gobierno de Canarias y los<br \/>representantes del sector de la ense\u00f1anza privada concertada en canarias<br \/><a href=\"https:\/\/www.gobiernodecanarias.org\/boc\/2023\/109\/017.html\">https:\/\/www.gobiernodecanarias.org\/boc\/2023\/109\/017.html<\/a><\/span><\/p>\n<p>&nbsp;<\/p>\n<h1><b>N\u00daMERO DE DOCENTES INCLUIDOS EN EL CONCIERTO EDUCATIVO<\/b><\/h1>\n<p>Se regula esta materia para los centros con car\u00e1cter general \u00a0en la <b>\u00a0ORDEN DE 14 DE ABRIL DE 2008<\/b>, por la que se regula el personal docente financiado con fondos p\u00fablicos de los que podr\u00e1n disponer los Centros Privados Concertados de Canarias para el incremento de la ratio profesor-unidad concertada, Profesores de Pedagog\u00eda Terap\u00e9utica, Profesores de Psicolog\u00eda y Pedagog\u00eda, Atenci\u00f3n Domiciliaria y Programas de Diversificaci\u00f3n Curricular (BOC n\u00ba 90, de 6 de mayo de 2008). <a href=\"http:\/\/www.gobiernodecanarias.org\/boc\/2008\/090\/boc-2008-090-001.pdf\">http:\/\/www.gobiernodecanarias.org\/boc\/2008\/090\/boc-2008-090-001.pdf<\/a><\/p>\n<p><b>Siendo la jornada lectiva de nuestro profesorado de 25 horas, el n\u00famero de los\/las \u00a0docentes y equipos directivos financiados para las materias curriculares obligatorias en dichos niveles, incluyendo jornadas completas y parciales, ascienden \u00a0a 60.<\/b><\/p>\n<p>&nbsp;<\/p>\n<p>&nbsp;<\/p>\n<h1><b>M\u00d3DULO PRESUPUESTARIO POR UNIDAD ESCOLAR<\/b><\/h1>\n<table>\n<tbody>\n<tr>\n<td style=\"text-align: center;\">\n<p>&nbsp;<\/p>\n<p><b>ETAPAS<\/b><\/p>\n<\/td>\n<td>\n<p>&nbsp;<\/p>\n<p><b>FONDOS P\u00daBLICOS POR UNIDAD\/MES<\/b><\/p>\n<p><b>GASTOS DE FUNCIONAMIENTO<\/b><\/p>\n<\/td>\n<\/tr>\n<tr>\n<td style=\"text-align: center;\"><b>INFANTIL<\/b><\/td>\n<td><b>566\u20ac<\/b><\/td>\n<\/tr>\n<tr>\n<td style=\"text-align: center;\"><b>PRIMARIA<\/b><\/td>\n<td><b>566\u20ac<\/b><\/td>\n<\/tr>\n<tr>\n<td style=\"text-align: center;\"><b>SECUNDARIA<\/b><\/td>\n<td>\n<p><b>PRIMER CICLO: 737\u20ac<\/b><\/p>\n<p><b>SEGUNDO CICLO: 815\u20ac<\/b><\/p>\n<\/td>\n<\/tr>\n<\/tbody>\n<\/table>\n<h1><b>HORARIOS<\/b><\/h1>\n<table style=\"border-collapse: collapse; width: 100%; height: 115px;\" border=\"1\">\n<tbody>\n<tr style=\"height: 23px;\">\n<td style=\"width: 50%; text-align: center; height: 23px;\"><strong>ETAPAS<\/strong><\/td>\n<td style=\"width: 50%; text-align: center; height: 23px;\"><strong>CALENDARIO ESCOLAR<\/strong><\/td>\n<\/tr>\n<tr style=\"height: 23px;\">\n<td style=\"width: 50%; text-align: center; height: 23px;\">INFANTIL<\/td>\n<td style=\"width: 50%; text-align: center; height: 23px;\"><b>Entrada a las 9:00h y salida a las 14:00h<\/b><\/td>\n<\/tr>\n<tr style=\"height: 23px;\">\n<td style=\"width: 50%; text-align: center; height: 23px;\">PRIMARIA<\/td>\n<td style=\"width: 50%; text-align: center; height: 23px;\"><b>Entrada a las 9:00h y salida a las 14:00h<\/b><\/td>\n<\/tr>\n<tr style=\"height: 23px;\">\n<td style=\"width: 50%; text-align: center; height: 23px;\">ESO 1<\/td>\n<td style=\"width: 50%; text-align: center; height: 23px;\"><b>Entrada a las 8:00h y salida a las 14:00h<\/b><\/td>\n<\/tr>\n<tr style=\"height: 23px;\">\n<td style=\"width: 50%; height: 23px; text-align: center;\">ESO 2<\/td>\n<td style=\"width: 50%; height: 23px; text-align: center;\"><b>Entrada a las 8:00h y salida a las 14:00h<\/b><\/td>\n<\/tr>\n<\/tbody>\n<\/table>\n<p>[\/et_pb_text][\/et_pb_column][\/et_pb_row][\/et_pb_section]<\/p>\n<!-- AddThis Advanced Settings generic via filter on the_content --><!-- AddThis Share Buttons generic via filter on the_content -->","protected":false},"excerpt":{"rendered":"<p>PORTAL DE TRANSPARENCIALa transparencia y las buenas pr\u00e1cticas en la gesti\u00f3n y la participaci\u00f3n en los centros privados sostenidos con fondos p\u00fablicos, son principios b\u00e1sicos en el funcionamiento de este centro desde el inicio del proceso de concertaci\u00f3n en el curso 1985\/1986. Nuestro colegio, con la participaci\u00f3n del consejo escolar (\u00f3rgano de representaci\u00f3n y participaci\u00f3n [&hellip;]<\/p>\n<p><!-- AddThis Advanced Settings generic via filter on get_the_excerpt --><!-- AddThis Share Buttons generic via filter on get_the_excerpt --><\/p>\n","protected":false},"author":3,"featured_media":0,"parent":0,"menu_order":0,"comment_status":"closed","ping_status":"closed","template":"","meta":{"_et_pb_use_builder":"on","_et_pb_old_content":"","_et_gb_content_width":"","footnotes":""},"class_list":["post-8565","page","type-page","status-publish","hentry"],"yoast_head":"<!-- This site is optimized with the Yoast SEO plugin v27.4 - https:\/\/yoast.com\/product\/yoast-seo-wordpress\/ -->\n<title>Portal de Transparencia - Colegio Salesiano San Isidro<\/title>\n<meta name=\"robots\" content=\"index, follow, max-snippet:-1, max-image-preview:large, max-video-preview:-1\" \/>\n<link rel=\"canonical\" href=\"https:\/\/laorotava.salesianos.edu\/colegio\/portal-de-transparencia\/\" \/>\n<meta property=\"og:locale\" content=\"es_ES\" \/>\n<meta property=\"og:type\" content=\"article\" \/>\n<meta property=\"og:title\" content=\"Portal de Transparencia - Colegio Salesiano San Isidro\" \/>\n<meta property=\"og:description\" content=\"PORTAL DE TRANSPARENCIALa transparencia y las buenas pr\u00e1cticas en la gesti\u00f3n y la participaci\u00f3n en los centros privados sostenidos con fondos p\u00fablicos, son principios b\u00e1sicos en el funcionamiento de este centro desde el inicio del proceso de concertaci\u00f3n en el curso 1985\/1986. Nuestro colegio, con la participaci\u00f3n del consejo escolar (\u00f3rgano de representaci\u00f3n y participaci\u00f3n [&hellip;]\" \/>\n<meta property=\"og:url\" content=\"https:\/\/laorotava.salesianos.edu\/colegio\/portal-de-transparencia\/\" \/>\n<meta property=\"og:site_name\" content=\"Colegio Salesiano San Isidro\" \/>\n<meta property=\"article:modified_time\" content=\"2025-08-25T06:25:07+00:00\" \/>\n<meta name=\"twitter:card\" content=\"summary_large_image\" \/>\n<meta name=\"twitter:label1\" content=\"Tiempo de lectura\" \/>\n\t<meta name=\"twitter:data1\" content=\"4 minutos\" \/>\n<script type=\"application\/ld+json\" class=\"yoast-schema-graph\">{\"@context\":\"https:\\\/\\\/schema.org\",\"@graph\":[{\"@type\":\"WebPage\",\"@id\":\"https:\\\/\\\/laorotava.salesianos.edu\\\/colegio\\\/portal-de-transparencia\\\/\",\"url\":\"https:\\\/\\\/laorotava.salesianos.edu\\\/colegio\\\/portal-de-transparencia\\\/\",\"name\":\"Portal de Transparencia - Colegio Salesiano San Isidro\",\"isPartOf\":{\"@id\":\"https:\\\/\\\/laorotava.salesianos.edu\\\/colegio\\\/#website\"},\"datePublished\":\"2018-09-14T22:15:00+00:00\",\"dateModified\":\"2025-08-25T06:25:07+00:00\",\"breadcrumb\":{\"@id\":\"https:\\\/\\\/laorotava.salesianos.edu\\\/colegio\\\/portal-de-transparencia\\\/#breadcrumb\"},\"inLanguage\":\"es\",\"potentialAction\":[{\"@type\":\"ReadAction\",\"target\":[\"https:\\\/\\\/laorotava.salesianos.edu\\\/colegio\\\/portal-de-transparencia\\\/\"]}]},{\"@type\":\"BreadcrumbList\",\"@id\":\"https:\\\/\\\/laorotava.salesianos.edu\\\/colegio\\\/portal-de-transparencia\\\/#breadcrumb\",\"itemListElement\":[{\"@type\":\"ListItem\",\"position\":1,\"name\":\"Portada\",\"item\":\"https:\\\/\\\/laorotava.salesianos.edu\\\/colegio\\\/\"},{\"@type\":\"ListItem\",\"position\":2,\"name\":\"Portal de Transparencia\"}]},{\"@type\":\"WebSite\",\"@id\":\"https:\\\/\\\/laorotava.salesianos.edu\\\/colegio\\\/#website\",\"url\":\"https:\\\/\\\/laorotava.salesianos.edu\\\/colegio\\\/\",\"name\":\"Colegio Salesiano San Isidro\",\"description\":\"P\u00e1gina oficial Colegio Salesiano San Isidro\",\"potentialAction\":[{\"@type\":\"SearchAction\",\"target\":{\"@type\":\"EntryPoint\",\"urlTemplate\":\"https:\\\/\\\/laorotava.salesianos.edu\\\/colegio\\\/?s={search_term_string}\"},\"query-input\":{\"@type\":\"PropertyValueSpecification\",\"valueRequired\":true,\"valueName\":\"search_term_string\"}}],\"inLanguage\":\"es\"}]}<\/script>\n<!-- \/ Yoast SEO plugin. -->","yoast_head_json":{"title":"Portal de Transparencia - Colegio Salesiano San Isidro","robots":{"index":"index","follow":"follow","max-snippet":"max-snippet:-1","max-image-preview":"max-image-preview:large","max-video-preview":"max-video-preview:-1"},"canonical":"https:\/\/laorotava.salesianos.edu\/colegio\/portal-de-transparencia\/","og_locale":"es_ES","og_type":"article","og_title":"Portal de Transparencia - Colegio Salesiano San Isidro","og_description":"PORTAL DE TRANSPARENCIALa transparencia y las buenas pr\u00e1cticas en la gesti\u00f3n y la participaci\u00f3n en los centros privados sostenidos con fondos p\u00fablicos, son principios b\u00e1sicos en el funcionamiento de este centro desde el inicio del proceso de concertaci\u00f3n en el curso 1985\/1986. Nuestro colegio, con la participaci\u00f3n del consejo escolar (\u00f3rgano de representaci\u00f3n y participaci\u00f3n [&hellip;]","og_url":"https:\/\/laorotava.salesianos.edu\/colegio\/portal-de-transparencia\/","og_site_name":"Colegio Salesiano San Isidro","article_modified_time":"2025-08-25T06:25:07+00:00","twitter_card":"summary_large_image","twitter_misc":{"Tiempo de lectura":"4 minutos"},"schema":{"@context":"https:\/\/schema.org","@graph":[{"@type":"WebPage","@id":"https:\/\/laorotava.salesianos.edu\/colegio\/portal-de-transparencia\/","url":"https:\/\/laorotava.salesianos.edu\/colegio\/portal-de-transparencia\/","name":"Portal de Transparencia - Colegio Salesiano San Isidro","isPartOf":{"@id":"https:\/\/laorotava.salesianos.edu\/colegio\/#website"},"datePublished":"2018-09-14T22:15:00+00:00","dateModified":"2025-08-25T06:25:07+00:00","breadcrumb":{"@id":"https:\/\/laorotava.salesianos.edu\/colegio\/portal-de-transparencia\/#breadcrumb"},"inLanguage":"es","potentialAction":[{"@type":"ReadAction","target":["https:\/\/laorotava.salesianos.edu\/colegio\/portal-de-transparencia\/"]}]},{"@type":"BreadcrumbList","@id":"https:\/\/laorotava.salesianos.edu\/colegio\/portal-de-transparencia\/#breadcrumb","itemListElement":[{"@type":"ListItem","position":1,"name":"Portada","item":"https:\/\/laorotava.salesianos.edu\/colegio\/"},{"@type":"ListItem","position":2,"name":"Portal de Transparencia"}]},{"@type":"WebSite","@id":"https:\/\/laorotava.salesianos.edu\/colegio\/#website","url":"https:\/\/laorotava.salesianos.edu\/colegio\/","name":"Colegio Salesiano San Isidro","description":"P\u00e1gina oficial Colegio Salesiano San Isidro","potentialAction":[{"@type":"SearchAction","target":{"@type":"EntryPoint","urlTemplate":"https:\/\/laorotava.salesianos.edu\/colegio\/?s={search_term_string}"},"query-input":{"@type":"PropertyValueSpecification","valueRequired":true,"valueName":"search_term_string"}}],"inLanguage":"es"}]}},"_links":{"self":[{"href":"https:\/\/laorotava.salesianos.edu\/colegio\/wp-json\/wp\/v2\/pages\/8565","targetHints":{"allow":["GET"]}}],"collection":[{"href":"https:\/\/laorotava.salesianos.edu\/colegio\/wp-json\/wp\/v2\/pages"}],"about":[{"href":"https:\/\/laorotava.salesianos.edu\/colegio\/wp-json\/wp\/v2\/types\/page"}],"author":[{"embeddable":true,"href":"https:\/\/laorotava.salesianos.edu\/colegio\/wp-json\/wp\/v2\/users\/3"}],"replies":[{"embeddable":true,"href":"https:\/\/laorotava.salesianos.edu\/colegio\/wp-json\/wp\/v2\/comments?post=8565"}],"version-history":[{"count":5,"href":"https:\/\/laorotava.salesianos.edu\/colegio\/wp-json\/wp\/v2\/pages\/8565\/revisions"}],"predecessor-version":[{"id":10436,"href":"https:\/\/laorotava.salesianos.edu\/colegio\/wp-json\/wp\/v2\/pages\/8565\/revisions\/10436"}],"wp:attachment":[{"href":"https:\/\/laorotava.salesianos.edu\/colegio\/wp-json\/wp\/v2\/media?parent=8565"}],"curies":[{"name":"wp","href":"https:\/\/api.w.org\/{rel}","templated":true}]}}