{"id":7915,"date":"2018-01-29T11:55:21","date_gmt":"2018-01-29T11:55:21","guid":{"rendered":"https:\/\/laorotava.salesianos.edu\/colegio\/?page_id=7915"},"modified":"2025-08-25T06:25:08","modified_gmt":"2025-08-25T06:25:08","slug":"proyectos-pedagogicos","status":"publish","type":"page","link":"https:\/\/laorotava.salesianos.edu\/colegio\/proyectos-pedagogicos\/","title":{"rendered":"Proyectos Pedag\u00f3gicos"},"content":{"rendered":"<div id=\"fb-root\"><\/div>\n<p>[et_pb_section fb_built=\u00bb1&#8243; fullwidth=\u00bbon\u00bb _builder_version=\u00bb4.16&#8243; custom_padding=\u00bb0px|0px|0px|0px\u00bb global_colors_info=\u00bb{}\u00bb][et_pb_fullwidth_header title=\u00bbProyectos Pedag\u00f3gicos\u00bb module_class=\u00bbpagina-imagen-cabecera\u00bb _builder_version=\u00bb4.16&#8243; title_text_color=\u00bb#ffffff\u00bb title_font_size=\u00bb40px\u00bb background_color=\u00bbrgba(255, 255, 255, 0)\u00bb background_image=\u00bbhttps:\/\/laorotava.salesianos.edu\/colegio\/wp-content\/uploads\/sites\/2\/2017\/10\/Popuesta-Educativa.jpg\u00bb background_layout=\u00bblight\u00bb max_width_tablet=\u00bb50px\u00bb global_colors_info=\u00bb{}\u00bb button_one_text_size__hover_enabled=\u00bboff\u00bb button_two_text_size__hover_enabled=\u00bboff\u00bb button_one_text_color__hover_enabled=\u00bboff\u00bb button_two_text_color__hover_enabled=\u00bboff\u00bb button_one_border_width__hover_enabled=\u00bboff\u00bb button_two_border_width__hover_enabled=\u00bboff\u00bb button_one_border_color__hover_enabled=\u00bboff\u00bb button_two_border_color__hover_enabled=\u00bboff\u00bb button_one_border_radius__hover_enabled=\u00bboff\u00bb button_two_border_radius__hover_enabled=\u00bboff\u00bb button_one_letter_spacing__hover_enabled=\u00bboff\u00bb button_two_letter_spacing__hover_enabled=\u00bboff\u00bb button_one_bg_color__hover_enabled=\u00bboff\u00bb button_two_bg_color__hover_enabled=\u00bboff\u00bb][\/et_pb_fullwidth_header][\/et_pb_section][et_pb_section fb_built=\u00bb1&#8243; module_class=\u00bbpagina-seccion-contenido\u00bb _builder_version=\u00bb4.16&#8243; custom_padding=\u00bb0px|0px|54px|0px\u00bb global_colors_info=\u00bb{}\u00bb][et_pb_row _builder_version=\u00bb4.16&#8243; global_colors_info=\u00bb{}\u00bb][et_pb_column type=\u00bb4_4&#8243; _builder_version=\u00bb4.16&#8243; custom_padding=\u00bb|||\u00bb global_colors_info=\u00bb{}\u00bb custom_padding__hover=\u00bb|||\u00bb][et_pb_text _builder_version=\u00bb4.16&#8243; global_colors_info=\u00bb{}\u00bb]<\/p>\n<p style=\"text-align: justify;\"><span style=\"font-weight: 400;\">Nuestro proyecto educativo se sustenta en torno a diferentes pilares fundamentales sobre los cuales se alza un objetivo claro: ofrecer una educaci\u00f3n integral que permita el desarrollo en el alumnado de un modelo de persona bien definido. Una persona que, al final de su etapa de formaci\u00f3n en nuestra escuela, haya sido capaz de adquirir unas capacidades que le permitan afrontar con total garant\u00eda de \u00e9xito el proyecto que decida desarrollar, pues est\u00e1 habilitado para ello tanto emocional como intelectualmente. Una persona optimista y alegre, abierta a la fe, con un proyecto de vida, comprometida, equilibrada, emp\u00e1tica, aut\u00f3noma, reflexiva, comunicativa, participativa, emprendedora y tecnol\u00f3gicamente preparada; es decir, una persona dotada de las competencias sociales, emocionales e intelectuales que le habilitan para afrontar un futuro impredecible que se configura en torno a variables desconocidas y sobre las que nuestro alumnado deber\u00e1 tener una capacidad grande de adaptabilidad. La Escuela se erige como la gran responsable de conseguir el desarrollo de estas destrezas en los menores y nosotros, Salesianos La Orotava, hemos adquirido un serio compromiso en esta labor.<\/span><\/p>\n<p id=\"h.p_uY3vDiOfXzVN\" class=\"zfr3Q\" style=\"text-align: justify;\"><span style=\"font-weight: 400;\">Os presentamos un completo proyecto educativo basado en profundas reflexiones en torno al \u201c\u00bf<\/span><b>QU\u00c9<\/b><span style=\"font-weight: 400;\"> ense\u00f1amos?\u201d, donde la verticalizaci\u00f3n curricular y el dise\u00f1o competencial de situaciones de aprendizaje poniendo el foco en las exigencias de los descriptores operativos y su relaci\u00f3n con los criterios de evaluaci\u00f3n est\u00e1 siendo fundamental; el \u201c\u00bf<\/span><b>C\u00d3MO<\/b><span style=\"font-weight: 400;\"> ense\u00f1ar?\u201d, siendo aqu\u00ed fundamental la elecci\u00f3n estrat\u00e9gica de las metodolog\u00edas, en las que tiene un papel fundamental la proyecci\u00f3n social de nuestra acci\u00f3n, el servicio y la mejora del entorno, as\u00ed como la manera en la que el profesorado desarrolla la evaluaci\u00f3n de su acci\u00f3n docente; y, por \u00faltimo, la <\/span><b>INTEGRACI\u00d3N <\/b><span style=\"font-weight: 400;\">tanto de la tecnolog\u00eda como de los espacios, fundamentales para llevar a cabo una transformaci\u00f3n que necesita de la ventana al mundo que ofrece la tecnolog\u00eda y en el que la ense\u00f1anza estanco y entre paredes se convierte en insuficiente.<\/span><\/p>\n<p>[\/et_pb_text][et_pb_text _builder_version=\u00bb4.16&#8243; text_text_color=\u00bb#e02b20&#8243; global_colors_info=\u00bb{}\u00bb]<\/p>\n<h1>Estos son nuestros proyectos pedag\u00f3gicos para este curso<\/h1>\n<p>[\/et_pb_text][\/et_pb_column][\/et_pb_row][et_pb_row column_structure=\u00bb1_2,1_2&#8243; _builder_version=\u00bb4.16&#8243; global_colors_info=\u00bb{}\u00bb][et_pb_column type=\u00bb1_2&#8243; _builder_version=\u00bb4.16&#8243; custom_padding=\u00bb|||\u00bb global_colors_info=\u00bb{}\u00bb custom_padding__hover=\u00bb|||\u00bb][et_pb_text _builder_version=\u00bb4.23.4&#8243; global_colors_info=\u00bb{}\u00bb]<\/p>\n<p id=\"h.p_XC4bDlEEgDDq\" class=\"zfr3Q\" style=\"text-align: justify;\"><span style=\"font-weight: 400;\">El desarrollo curricular se complementa a trav\u00e9s de la educaci\u00f3n transversal en valores. En nuestro centro tienen un papel fundamental en esta labor los diversos planes de centro, concebidos con un doble objetivo: implementar objetivos de mejora que enriquecen el Plan Estrat\u00e9gico de Centro, con l\u00edneas de acci\u00f3n a desarrollar directamente por el profesorado o los diferentes equipos de gesti\u00f3n con el objetivo de desarrollar nuestro Proyecto Educativo; y un segundo objetivo que incide directamente en nuestro alumnado. Dise\u00f1ar l\u00edneas de acci\u00f3n que articulen la educaci\u00f3n transversal en valores, en este caso con un desarrollo expl\u00edcito de las capacidades que pretende implementar nuestro modelo de persona. As\u00ed, cada uno de los planes ofrece anualmente al profesorado l\u00edneas de acci\u00f3n y estrategias para desarrollar dichas capacidades desde las diferentes \u00e1reas, vinculando las situaciones de aprendizaje a las mismas al integrar esas acciones o l\u00edneas propuestas en el dise\u00f1o de \u00e9stas. De esa manera, se garantiza un trabajo transversal y permanente a lo largo de todo el proceso educativo del alumno y alumna de las capacidades que conforman el modelo de persona.<\/span><\/p>\n<ul>\n<li style=\"font-weight: 400; text-align: justify;\" aria-level=\"1\">\u00a0<\/li>\n<\/ul>\n<p>[\/et_pb_text][et_pb_video src=\u00bbhttps:\/\/www.youtube.com\/watch?v=J9UbozEv4ls\u00bb _builder_version=\u00bb4.16&#8243; global_colors_info=\u00bb{}\u00bb][\/et_pb_video][\/et_pb_column][et_pb_column type=\u00bb1_2&#8243; _builder_version=\u00bb4.16&#8243; custom_padding=\u00bb|||\u00bb global_colors_info=\u00bb{}\u00bb custom_padding__hover=\u00bb|||\u00bb][et_pb_text _builder_version=\u00bb4.23.4&#8243; global_colors_info=\u00bb{}\u00bb]<\/p>\n<p style=\"text-align: justify;\"><span style=\"font-weight: 400;\">Actualmente, nuestros planes de centro son los siguientes:\u00a0<\/span><\/p>\n<ul>\n<li style=\"font-weight: 400; text-align: justify;\" aria-level=\"1\"><span style=\"font-weight: 400;\"><strong>Plan Lector.<\/strong> Centra su acci\u00f3n en el fomento del gusto por la lectura en el alumnado, as\u00ed como el desarrollo de la capacidad lectoescritora, contribuyendo a la formaci\u00f3n de una persona con capacidad comunicadora, emprendedora, aut\u00f3noma, reflexiva y tecnol\u00f3gicamente adaptada<\/span><\/li>\n<li style=\"font-weight: 400; text-align: justify;\" aria-level=\"1\"><span style=\"font-weight: 400;\"><strong>Plan Infinito<\/strong>. Centra su acci\u00f3n en la ense\u00f1anza eficaz de las matem\u00e1ticas, con el objetivo de contribuir a la formaci\u00f3n de una persona con capacidad reflexiva, tecnol\u00f3gicamente adaptada, participativa, aut\u00f3noma y comunicativa.<\/span><\/li>\n<li style=\"font-weight: 400; text-align: justify;\" aria-level=\"1\"><span style=\"font-weight: 400;\"><strong>Plan de Conciencia Ecol\u00f3gica.<\/strong> Centra su acci\u00f3n en el desarrollo de una cultura ecol\u00f3gica en el Centro, contribuyendo a la formaci\u00f3n de una persona emprendedora, optimista y alegre, emp\u00e1tica, participativa, comprometida, aut\u00f3noma, reflexiva y con un proyecto de vida.<\/span><\/li>\n<li style=\"font-weight: 400; text-align: justify;\" aria-level=\"1\"><span style=\"font-weight: 400;\"><strong>Plan masTICando.<\/strong> Tiene como objetivo promover al Centro como motor de cambio y ruptura de la brecha digital del entorno, as\u00ed como desarrollar la competencia digital de la Comunidad Educativa. Contribuye con sus l\u00edneas de acci\u00f3n a la formaci\u00f3n de una persona emprendedora, equilibrada, comunicativa, emp\u00e1tica, tecnol\u00f3gicamente adaptada, participativa, aut\u00f3noma y reflexiva.\u00a0<\/span><\/li>\n<li style=\"font-weight: 400; text-align: justify;\" aria-level=\"1\"><span style=\"font-weight: 400;\"><strong>Plan de Igualdad.<\/strong> Su objetivo principal es desarrollar en el alumnado valores que fomenten la igualdad efectiva entre hombres y mujeres, partiendo de nuestro modelo de persona. Para ello, desarrolla espec\u00edficamente las cualidades de ser optimista y alegre, una persona abierta a la fe, equilibrada, emp\u00e1tica, comprometida, aut\u00f3noma y reflexiva.\u00a0<\/span><\/li>\n<li style=\"font-weight: 400; text-align: justify;\" aria-level=\"1\"><span style=\"font-weight: 400;\"><strong>Plan de Convivencia Positiva.<\/strong> Pretende la reflexi\u00f3n constante del alumnado para garantizar un clima de convivencia positiva en el Centro, entendiendo el conflicto como una oportunidad de aprendizaje para generar dicho ambiente. Sus acciones ayudan a lograr personas equilibradas y emp\u00e1ticas, comprometidas y reflexivas, as\u00ed como participativas.\u00a0\u00a0<\/span><\/li>\n<li style=\"font-weight: 400; text-align: justify;\" aria-level=\"1\"><span style=\"font-weight: 400;\"><strong>Plan de Comunicaci\u00f3n Social<\/strong>, cuyo objetivo es dar servicio a la comunidad educativa para visibilizar nuestro Proyecto Educativo de Centro. A trav\u00e9s de sus acciones, pretendemos fomentar el desarrollo de la persona optimista y alegre, comunicativa, participativa, emprendedora y tecnol\u00f3gicamente adaptada.\u00a0\u00a0<\/span><\/li>\n<li style=\"font-weight: 400; text-align: justify;\" aria-level=\"1\"><span style=\"font-weight: 400;\"><strong>Plan de Biling\u00fcismo<\/strong>, que pretende consolidar la exposici\u00f3n del alumnado a la lengua extranjera en diferentes contextos, intentado dar respuesta desde la ense\u00f1anza del idioma a las demandas de la vida real. Con la consecuci\u00f3n de ese objetivo, fomentaremos el desarrollo de cualidades del modelo de persona como el ser emprendedores, comunicativos, emp\u00e1ticos, tecnol\u00f3gicamente adaptados, participativos, aut\u00f3nomos y reflexivos.<\/span><\/li>\n<li style=\"font-weight: 400; text-align: justify;\" aria-level=\"1\"><span style=\"font-weight: 400;\"><strong>Plan Pastoral<\/strong>. Siendo un plan en s\u00ed mismo, adem\u00e1s su acci\u00f3n lo engloba todo, pues nuestro proyecto se define como un Proyecto Educativo &#8211; Pastoral, lo cual implica que es uno de los pilares en los que se sustenta la oferta formativa de nuestra Escuela. Eso justifica que merezca un apartado en s\u00ed mismo, en el cual podemos consultar su descripci\u00f3n completa. <\/span><\/li>\n<\/ul>\n<p>[\/et_pb_text][\/et_pb_column][\/et_pb_row][et_pb_row column_structure=\u00bb1_3,2_3&#8243; _builder_version=\u00bb4.16&#8243; global_colors_info=\u00bb{}\u00bb][et_pb_column type=\u00bb1_3&#8243; _builder_version=\u00bb4.16&#8243; custom_padding=\u00bb|||\u00bb global_colors_info=\u00bb{}\u00bb custom_padding__hover=\u00bb|||\u00bb][et_pb_image src=\u00bbhttps:\/\/laorotava.salesianos.edu\/colegio\/wp-content\/uploads\/sites\/2\/2018\/01\/Captura-de-pantalla-2018-01-29-a-las-11.51.30.png\u00bb align_tablet=\u00bbcenter\u00bb align_phone=\u00bbcenter\u00bb align_last_edited=\u00bbon|desktop\u00bb _builder_version=\u00bb4.23.4&#8243; global_colors_info=\u00bb{}\u00bb][\/et_pb_image][\/et_pb_column][et_pb_column type=\u00bb2_3&#8243; _builder_version=\u00bb4.16&#8243; custom_padding=\u00bb|||\u00bb global_colors_info=\u00bb{}\u00bb custom_padding__hover=\u00bb|||\u00bb][et_pb_text _builder_version=\u00bb4.23.4&#8243; global_colors_info=\u00bb{}\u00bb]<\/p>\n<p><span style=\"font-weight: 400;\">Las nuevas tecnolog\u00edas se han convertido en una oportunidad grandiosa para generar un nuevo modelo de aprendizaje. Una ventana al mundo de la informaci\u00f3n que permite al alumnado curiosear y aprender de forma din\u00e1mica y en tiempo real. Aumenta la motivaci\u00f3n y conseguimos conectar el aula con el exterior, ganando en significatividad. Pero sobre todo, permite educar en el acceso reflexivo y cr\u00edtico a las fuentes de informaci\u00f3n, con respeto a la utilizaci\u00f3n \u00e9tica y responsable de la misma, para generar nuevos conocimientos y presentarlos de acuerdo a unos est\u00e1ndares de calidad y seguridad.<\/span><\/p>\n<p><span style=\"font-weight: 400;\">Nuestro proyecto dota a todos nuestros alumnos y alumnas a partir de 3\u00ba de Primaria de un iPad como una herramienta de aprendizaje m\u00e1s, que se emplea con fines pedag\u00f3gicos muy concretos y adecuados al nivel evolutivo del ni\u00f1o y ni\u00f1a. Este modelo de un dispositivo por persona (1to1) permite una interacci\u00f3n real pero controlada con el mundo, donde las aplicaciones utilizadas y el uso definido del ipad en cada situaci\u00f3n de aprendizaje parten de una reflexi\u00f3n pedag\u00f3gica y persigue un objetivo de aprendizaje muy concreto. En las edades de Infantil y primeros cursos de primaria, la adaptaci\u00f3n a la tecnolog\u00eda es graduada y el iPad entra en el aula de forma espor\u00e1dica y guiada, permitiendo a los m\u00e1s peque\u00f1os irla concibiendo como herramienta de aprendizaje.<\/span><\/p>\n<p><span style=\"font-weight: 400;\">Toda la verticalizaci\u00f3n del proyecto ha estado asesorada desde el inicio por expertos educativos de Apple EDU, con quienes hemos dise\u00f1ado un modelo pedag\u00f3gico conjunto. Por otro lado, el aula virtual, a trav\u00e9s de la configuraci\u00f3n del centro en GOOGLE Classroom, permite poner a disposici\u00f3n del alumnado unas aplicaciones educativas que a\u00f1aden un gran valor al proyecto.<\/span><\/p>\n<p>[\/et_pb_text][\/et_pb_column][\/et_pb_row][et_pb_row column_structure=\u00bb2_3,1_3&#8243; _builder_version=\u00bb4.16&#8243; global_colors_info=\u00bb{}\u00bb][et_pb_column type=\u00bb2_3&#8243; _builder_version=\u00bb4.16&#8243; custom_padding=\u00bb|||\u00bb global_colors_info=\u00bb{}\u00bb custom_padding__hover=\u00bb|||\u00bb][et_pb_text _builder_version=\u00bb4.23.4&#8243; global_colors_info=\u00bb{}\u00bb]<\/p>\n<p><span style=\"font-weight: 400;\">No es posible seguir concibiendo el aula como una puesta en escena constante por parte del profesorado, en el que el alumnado siga siendo sujeto pasivo de lo que en el aula ocurre. Necesitamos convertir a los chavales en protagonistas de su propio proceso de aprendizaje, donde el error forme parte fundamental de su desarrollo.<\/span><\/p>\n<p><span style=\"font-weight: 400;\">El trabajo cooperativo y colaborativo es estrat\u00e9gico ya que permite un aprendizaje real entre iguales, gestionar roles y responsabilidades asign\u00e1ndoles distintas funciones ejecutivas que mejoran la convivencia y organizaci\u00f3n del aula y la gesti\u00f3n emocional a la hora de decidir estrategias y acciones. Aprender de un compa\u00f1ero o compa\u00f1eros y ense\u00f1ar a otros genera doble ruta en su aprendizaje.<\/span><\/p>\n<p><span style=\"font-weight: 400;\">Por otro lado, integrar todo este aprendizaje competencial, desafiando al alumnado a resolver retos conectados con la vida real, hace que la motivaci\u00f3n juegue un papel fundamental. De ah\u00ed que los ABP (Aprendizaje basado en Proyectos), permitan trabajar interdisciplinarmente, no trabajando las distintas materias del conocimiento de forma parcial, sino interconectadas y dependientes unas de otras. Y cuando todo este trabajo se pone al servicio de los dem\u00e1s, ya el proceso de aprendizaje gana un valor exponencial, porque se garantiza especialmente la educaci\u00f3n integral, tambi\u00e9n en valores (Aprendizaje Servicio).<\/span><\/p>\n<p><span style=\"font-weight: 400;\">Pero quiz\u00e1s el mayor valor metodol\u00f3gico del centro est\u00e9 precisamente en la variabilidad, en la reflexi\u00f3n pedag\u00f3gica permanente que, tanto a lo largo de los diferentes niveles y etapas, como a lo largo del curso escolar, nos hacen seleccionar la metodolog\u00eda m\u00e1s af\u00edn al objetivo de aprendizaje perseguido, as\u00ed como los instrumentos de evaluaci\u00f3n m\u00e1s acordes con las necesidades individualizadas del alumnado, tanto por sus caracter\u00edsticas personales como por el contexto de aprendizaje desarrollado.\u00a0<\/span><\/p>\n<p>[\/et_pb_text][\/et_pb_column][et_pb_column type=\u00bb1_3&#8243; _builder_version=\u00bb4.16&#8243; custom_padding=\u00bb|||\u00bb global_colors_info=\u00bb{}\u00bb custom_padding__hover=\u00bb|||\u00bb][et_pb_image src=\u00bbhttps:\/\/laorotava.salesianos.edu\/colegio\/wp-content\/uploads\/sites\/2\/2017\/10\/Cooperativo.png\u00bb align_tablet=\u00bbcenter\u00bb align_phone=\u00bbcenter\u00bb align_last_edited=\u00bbon|desktop\u00bb admin_label=\u00bbImagen: metod.\u00bb _builder_version=\u00bb4.23.4&#8243; global_colors_info=\u00bb{}\u00bb][\/et_pb_image][\/et_pb_column][\/et_pb_row][et_pb_row column_structure=\u00bb1_3,2_3&#8243; _builder_version=\u00bb4.16&#8243; global_colors_info=\u00bb{}\u00bb][et_pb_column type=\u00bb1_3&#8243; _builder_version=\u00bb4.16&#8243; custom_padding=\u00bb|||\u00bb global_colors_info=\u00bb{}\u00bb custom_padding__hover=\u00bb|||\u00bb][et_pb_image src=\u00bbhttps:\/\/laorotava.salesianos.edu\/colegio\/wp-content\/uploads\/sites\/2\/2017\/10\/Biling\u00fc\u00edsmo.png\u00bb align_tablet=\u00bbcenter\u00bb align_phone=\u00bbcenter\u00bb align_last_edited=\u00bbon|desktop\u00bb _builder_version=\u00bb4.16&#8243; global_colors_info=\u00bb{}\u00bb][\/et_pb_image][\/et_pb_column][et_pb_column type=\u00bb2_3&#8243; _builder_version=\u00bb4.16&#8243; custom_padding=\u00bb|||\u00bb global_colors_info=\u00bb{}\u00bb custom_padding__hover=\u00bb|||\u00bb][et_pb_text _builder_version=\u00bb4.16&#8243; global_colors_info=\u00bb{}\u00bb custom_padding=\u00bb153px|||||\u00bb]<\/p>\n<p id=\"h.p_1StgVd67oOay\" class=\"zfr3Q\" style=\"text-align: justify;\">La apuesta del Centro por los idiomas es radical y seria. Desde hace a\u00f1os iniciamos la andadura de generar un proyecto que permitiera a los alumno aprovechar el aprendizaje de una segunda lengua extranjera para vehicular las diferentes din\u00e1micas escolares.<\/p>\n<p id=\"h.p_zG_7qF7ABQ-c\" class=\"zfr3Q\" style=\"text-align: justify;\">El proyecto se inicia desde las edades de Infantil, donde los alumnos integran rutinas diarias en ingl\u00e9s, contando adem\u00e1s con una sesi\u00f3n diaria con maestras especialistas en L2 y auxiliares de conversaci\u00f3n nativos que permiten un aprendizaje de mayor calidad y rigurosidad.<\/p>\n<p id=\"h.p_nzmmkMOkBpkC\" class=\"zfr3Q\" style=\"text-align: justify;\">En el paso a Primaria, optamos las asignaturas de Science, Social y Arts and Crafts, adem\u00e1s de la propia \u00e1rea de Ingl\u00e9s, donde es la lengua extranjera la encargada de vehicular las distintas rutinas en el aula.<\/p>\n<p id=\"h.p_5JjjCJeMNfwB\" class=\"zfr3Q\" style=\"text-align: justify;\">Complementamos el proyecto con un importante acuerdo con la Universidad de Cambridge, donde preparamos a nuestros alumnos para que se puedan ir presentando a las diferentes certificaciones que Cambridge propone. En la actualidad somos Centro Examinador Oficial.<\/p>\n<p id=\"h.p_S3MVezXKN0df\" class=\"zfr3Q\" style=\"text-align: justify;\">La oferta se amplia para los alumnos mayores de 3\u00ba y 4\u00ba de ESO ofreci\u00e9ndoles experiencias de inmersi\u00f3n en familias Inglesas y un programa de estudio intensivo en la escuela de Scarborough con la que tenemos acuerdo a trav\u00e9s de C&amp;t.<\/p>\n<p>[\/et_pb_text][\/et_pb_column][\/et_pb_row][et_pb_row column_structure=\u00bb1_3,2_3&#8243; disabled_on=\u00bbon|on|on\u00bb _builder_version=\u00bb4.16&#8243; disabled=\u00bbon\u00bb global_colors_info=\u00bb{}\u00bb][et_pb_column type=\u00bb1_3&#8243; _builder_version=\u00bb4.16&#8243; custom_padding=\u00bb|||\u00bb global_colors_info=\u00bb{}\u00bb custom_padding__hover=\u00bb|||\u00bb][et_pb_image src=\u00bbhttps:\/\/laorotava.salesianos.edu\/colegio\/wp-content\/uploads\/sites\/2\/2017\/10\/Ajedrez.png\u00bb align_tablet=\u00bbcenter\u00bb align_phone=\u00bbcenter\u00bb align_last_edited=\u00bbon|desktop\u00bb _builder_version=\u00bb4.16&#8243; global_colors_info=\u00bb{}\u00bb][\/et_pb_image][\/et_pb_column][et_pb_column type=\u00bb2_3&#8243; _builder_version=\u00bb4.16&#8243; custom_padding=\u00bb|||\u00bb global_colors_info=\u00bb{}\u00bb custom_padding__hover=\u00bb|||\u00bb][et_pb_text _builder_version=\u00bb4.16&#8243; global_colors_info=\u00bb{}\u00bb]<\/p>\n<p id=\"h.p_rshBIWs5gOPd\" class=\"zfr3Q\" style=\"text-align: justify\">Ajedrez en el Aula es una oportunidad para trabajar activamente ambos hemisferios cerebrales desde el juego y la manipulaci\u00f3n. Aunque de momento el ajedrez no es una asignatura curricular, es un complemento perfecto para potenciar y reforzar otras \u00e1reas curriculares como las matem\u00e1ticas.<\/p>\n<p id=\"h.p_svletdnCrIGQ\" class=\"zfr3Q\" style=\"text-align: justify\">Investigaciones del <em>Project Zero<\/em> de la Universidad de Harvard han demostrado que las habilidades de pensamiento se desarrollan a partir del uso de rutinas de pensamiento. En el dise\u00f1o de las actividades de Ajedrez en el Aula se utilizan y se documenta el pensamiento y las evidencias de comprensi\u00f3n por parte de los alumnos.<\/p>\n<p id=\"h.p_J_qH5GhUrTRJ\" class=\"zfr3Q\" style=\"text-align: justify\">Adem\u00e1s, la teor\u00eda de la Inteligencias M\u00faltiples nos permite trabajar el ajedrez desde diferentes perspectivas para poder dar m\u00e1s oportunidades a los alumnos con el objetivo de que comprendan el juego y se enriquezcan con los valores que transmite.<\/p>\n<p>[\/et_pb_text][\/et_pb_column][\/et_pb_row][et_pb_row column_structure=\u00bb2_3,1_3&#8243; _builder_version=\u00bb4.16&#8243; global_colors_info=\u00bb{}\u00bb][et_pb_column type=\u00bb2_3&#8243; _builder_version=\u00bb4.16&#8243; custom_padding=\u00bb|||\u00bb global_colors_info=\u00bb{}\u00bb custom_padding__hover=\u00bb|||\u00bb][et_pb_text _builder_version=\u00bb4.16&#8243; global_colors_info=\u00bb{}\u00bb]<\/p>\n<p><span style=\"font-weight: 400;\">El Plan Lector del centro, que articula toda una serie de iniciativas pedag\u00f3gicas para el desarrollo de las destrezas vinculadas a la comprensi\u00f3n lectora, incluye el soporte de estas dos plataformas digitales, que constituyen un complemento al resto de medidas, pero con un valor significativo.\u00a0<\/span><\/p>\n<p><span style=\"font-weight: 400;\">Tanto Leo Bien como Progrentis son plataformas de destrezas digitales que desarrollan el pensamiento creativo a trav\u00e9s de la comprensi\u00f3n lectora. Se basan en dos fundamentos:<\/span><\/p>\n<p><b>Aprendizaje adaptativo:<\/b><span style=\"font-weight: 400;\"> usar la tecnolog\u00eda para adaptar el aprendizaje a las necesidades \u00fanicas de cada alumno.<\/span><\/p>\n<p><b>Gamificaci\u00f3n:<\/b><span style=\"font-weight: 400;\"> aprender en un ambiente l\u00fadico que provoca una mejor conexi\u00f3n con el alumnado.<\/span><\/p>\n<p><span style=\"font-weight: 400;\">Lo iniciamos con nuestros alumnos de 2\u00ba de Primaria a trav\u00e9s de Leo Bien, el cual es sustituido por Progrentis en 5\u00ba de Primaria hasta 4\u00ba de ESO. Conseguimos el entrenamiento en diferentes destrezas lectoras como la fluidez, la comprensi\u00f3n, vocabulario y constancia, pues dedicamos una sesi\u00f3n semanal en el avance del proyecto.<\/span><\/p>\n<p><span style=\"font-weight: 400;\">Los resultados que nos arroja el desarrollo del programa certifican la mejora transversal de las distintas \u00e1reas del conocimiento.<\/span><\/p>\n<p id=\"h.p_mptY5aeggQA9\" class=\"zfr3Q\" style=\"text-align: justify;\"><span style=\"font-size: 14px;\">.<\/span><\/p>\n<p>[\/et_pb_text][\/et_pb_column][et_pb_column type=\u00bb1_3&#8243; _builder_version=\u00bb4.16&#8243; custom_padding=\u00bb|||\u00bb global_colors_info=\u00bb{}\u00bb custom_padding__hover=\u00bb|||\u00bb][et_pb_image src=\u00bbhttps:\/\/laorotava.salesianos.edu\/colegio\/wp-content\/uploads\/sites\/2\/2017\/10\/Progrentis.png\u00bb align_tablet=\u00bbcenter\u00bb align_phone=\u00bbcenter\u00bb align_last_edited=\u00bbon|desktop\u00bb _builder_version=\u00bb4.16&#8243; global_colors_info=\u00bb{}\u00bb][\/et_pb_image][\/et_pb_column][\/et_pb_row][et_pb_row column_structure=\u00bb1_3,2_3&#8243; _builder_version=\u00bb4.16&#8243; global_colors_info=\u00bb{}\u00bb][et_pb_column type=\u00bb1_3&#8243; _builder_version=\u00bb4.16&#8243; custom_padding=\u00bb|||\u00bb global_colors_info=\u00bb{}\u00bb custom_padding__hover=\u00bb|||\u00bb][et_pb_image src=\u00bbhttps:\/\/laorotava.salesianos.edu\/colegio\/wp-content\/uploads\/sites\/2\/2017\/10\/Huerto-Escolar.png\u00bb align_tablet=\u00bbcenter\u00bb align_phone=\u00bbcenter\u00bb align_last_edited=\u00bbon|desktop\u00bb _builder_version=\u00bb4.16&#8243; global_colors_info=\u00bb{}\u00bb][\/et_pb_image][\/et_pb_column][et_pb_column type=\u00bb2_3&#8243; _builder_version=\u00bb4.16&#8243; custom_padding=\u00bb|||\u00bb global_colors_info=\u00bb{}\u00bb custom_padding__hover=\u00bb|||\u00bb][et_pb_text disabled_on=\u00bbon|on|on\u00bb _builder_version=\u00bb4.16&#8243; disabled=\u00bbon\u00bb global_colors_info=\u00bb{}\u00bb]<\/p>\n<p id=\"h.p_9DJWdYpXpGma\" class=\"zfr3Q\" style=\"text-align: justify\">Un proyecto con mucha historia y que a\u00f1ade un valor enorme al proyecto pedag\u00f3gico del Centro. Un entorno abierto dentro de nuestras instalaciones que permite a los alumnos integrar muchos de los aprendizajes que se dan en las \u00e1reas de Conocimiento del entorno y de Science, siendo el alumno el verdadero protagonistas del proceso natural y de todo lo derivado de la gesti\u00f3n de un huerto.<\/p>\n<p id=\"h.p_G0LmUrDtxXEw\" class=\"zfr3Q\" style=\"text-align: justify\">Permitimos a los alumnos trabajar rutinas como la plantaci\u00f3n, recolecci\u00f3n y riego. Conocer herramientas que trabajan la tierra, sistemas de riego, ciclo de la vida, partes de las plantas, diferencias entre especies. Una verdadera experiencia rural en el seno m\u00e1s profundo de nuestro Colegio.<\/p>\n<p>[\/et_pb_text][et_pb_text _builder_version=\u00bb4.23.4&#8243; _module_preset=\u00bbdefault\u00bb global_colors_info=\u00bb{}\u00bb]<\/p>\n<p><span style=\"font-weight: 400;\">El huerto escolar es una herramienta pedag\u00f3gica que potencia el aprendizaje integral. M\u00e1s all\u00e1 de ser un espacio donde se cultivan alimentos, el huerto promueve la conexi\u00f3n directa con la naturaleza, fomenta la responsabilidad y la cooperaci\u00f3n, y permite aprender saberes de ciencias, matem\u00e1ticas y sostenibilidad.\u00a0<\/span><\/p>\n<p><span style=\"font-weight: 400;\">Seg\u00fan el estudio \u00abBeneficios educativos y ambientales de los huertos escolares\u00bb publicado en la revista Environmental Education Research (Smith et al., 2018), los estudiantes que participan en actividades de huertos escolares muestran mejoras significativas en habilidades sociales, cognitivas y emocionales.<\/span><\/p>\n<p><span style=\"font-weight: 400;\">Nuestro centro ha integrado un huerto ecol\u00f3gico, disponible para alumnado de Educaci\u00f3n Infantil, Primaria y Secundaria. Proporciona a los estudiantes un espacio donde aprender sobre la importancia de la agricultura sostenible y la conexi\u00f3n entre la producci\u00f3n de alimentos y el medio ambiente. Este enfoque no solo fortalece el curr\u00edculo escolar, sino que tambi\u00e9n contribuye al desarrollo de ciudadanos conscientes y comprometidos con la ecolog\u00eda y la comunidad. Asimismo, se ha convertido en el objeto de trabajo de nuestro programa Erasmus +, vinculado al desarrollo de la permacultura, a trav\u00e9s del cual pretendemos generar un motor de mejora del entorno mediante el compostaje y la reutilizaci\u00f3n de residuos.<\/span><\/p>\n<p>[\/et_pb_text][\/et_pb_column][\/et_pb_row][et_pb_row _builder_version=\u00bb4.16&#8243; background_size=\u00bbinitial\u00bb background_position=\u00bbtop_left\u00bb background_repeat=\u00bbrepeat\u00bb global_colors_info=\u00bb{}\u00bb][et_pb_column type=\u00bb4_4&#8243; _builder_version=\u00bb4.16&#8243; custom_padding=\u00bb|||\u00bb global_colors_info=\u00bb{}\u00bb custom_padding__hover=\u00bb|||\u00bb][et_pb_image src=\u00bbhttps:\/\/laorotava.salesianos.edu\/colegio\/wp-content\/uploads\/sites\/2\/2018\/02\/Captura-de-pantalla-2018-02-02-a-las-19.45.10.png\u00bb align_tablet=\u00bbcenter\u00bb align_phone=\u00bbcenter\u00bb align_last_edited=\u00bbon|desktop\u00bb _builder_version=\u00bb4.16&#8243; always_center_on_mobile=\u00bbon\u00bb global_colors_info=\u00bb{}\u00bb][\/et_pb_image][\/et_pb_column][\/et_pb_row][\/et_pb_section]<\/p>\n<!-- AddThis Advanced Settings generic via filter on the_content --><!-- AddThis Share Buttons generic via filter on the_content -->","protected":false},"excerpt":{"rendered":"<p>Nuestro proyecto educativo se sustenta en torno a diferentes pilares fundamentales sobre los cuales se alza un objetivo claro: ofrecer una educaci\u00f3n integral que permita el desarrollo en el alumnado de un modelo de persona bien definido. Una persona que, al final de su etapa de formaci\u00f3n en nuestra escuela, haya sido capaz de adquirir [&hellip;]<\/p>\n<p><!-- AddThis Advanced Settings generic via filter on get_the_excerpt --><!-- AddThis Share Buttons generic via filter on get_the_excerpt --><\/p>\n","protected":false},"author":3,"featured_media":0,"parent":0,"menu_order":0,"comment_status":"closed","ping_status":"closed","template":"","meta":{"_et_pb_use_builder":"on","_et_pb_old_content":"","_et_gb_content_width":"","footnotes":""},"class_list":["post-7915","page","type-page","status-publish","hentry"],"yoast_head":"<!-- This site is optimized with the Yoast SEO plugin v28.3 - https:\/\/yoast.com\/product\/yoast-seo-wordpress\/ -->\n<title>Proyectos Pedag\u00f3gicos - Colegio Salesiano San Isidro<\/title>\n<meta name=\"robots\" content=\"index, follow, max-snippet:-1, max-image-preview:large, max-video-preview:-1\" \/>\n<link rel=\"canonical\" href=\"https:\/\/laorotava.salesianos.edu\/colegio\/proyectos-pedagogicos\/\" \/>\n<meta property=\"og:locale\" content=\"es_ES\" \/>\n<meta property=\"og:type\" content=\"article\" \/>\n<meta property=\"og:title\" content=\"Proyectos Pedag\u00f3gicos - Colegio Salesiano San Isidro\" \/>\n<meta property=\"og:description\" content=\"Nuestro proyecto educativo se sustenta en torno a diferentes pilares fundamentales sobre los cuales se alza un objetivo claro: ofrecer una educaci\u00f3n integral que permita el desarrollo en el alumnado de un modelo de persona bien definido. Una persona que, al final de su etapa de formaci\u00f3n en nuestra escuela, haya sido capaz de adquirir [&hellip;]\" \/>\n<meta property=\"og:url\" content=\"https:\/\/laorotava.salesianos.edu\/colegio\/proyectos-pedagogicos\/\" \/>\n<meta property=\"og:site_name\" content=\"Colegio Salesiano San Isidro\" \/>\n<meta property=\"article:modified_time\" content=\"2025-08-25T06:25:08+00:00\" \/>\n<meta name=\"twitter:card\" content=\"summary_large_image\" \/>\n<meta name=\"twitter:label1\" content=\"Tiempo de lectura\" \/>\n\t<meta name=\"twitter:data1\" content=\"11 minutos\" \/>\n<script type=\"application\/ld+json\" class=\"yoast-schema-graph\">{\"@context\":\"https:\\\/\\\/schema.org\",\"@graph\":[{\"@type\":\"WebPage\",\"@id\":\"https:\\\/\\\/laorotava.salesianos.edu\\\/colegio\\\/proyectos-pedagogicos\\\/\",\"url\":\"https:\\\/\\\/laorotava.salesianos.edu\\\/colegio\\\/proyectos-pedagogicos\\\/\",\"name\":\"Proyectos Pedag\u00f3gicos - Colegio Salesiano San Isidro\",\"isPartOf\":{\"@id\":\"https:\\\/\\\/laorotava.salesianos.edu\\\/colegio\\\/#website\"},\"datePublished\":\"2018-01-29T11:55:21+00:00\",\"dateModified\":\"2025-08-25T06:25:08+00:00\",\"breadcrumb\":{\"@id\":\"https:\\\/\\\/laorotava.salesianos.edu\\\/colegio\\\/proyectos-pedagogicos\\\/#breadcrumb\"},\"inLanguage\":\"es\",\"potentialAction\":[{\"@type\":\"ReadAction\",\"target\":[\"https:\\\/\\\/laorotava.salesianos.edu\\\/colegio\\\/proyectos-pedagogicos\\\/\"]}]},{\"@type\":\"BreadcrumbList\",\"@id\":\"https:\\\/\\\/laorotava.salesianos.edu\\\/colegio\\\/proyectos-pedagogicos\\\/#breadcrumb\",\"itemListElement\":[{\"@type\":\"ListItem\",\"position\":1,\"name\":\"Portada\",\"item\":\"https:\\\/\\\/laorotava.salesianos.edu\\\/colegio\\\/\"},{\"@type\":\"ListItem\",\"position\":2,\"name\":\"Proyectos Pedag\u00f3gicos\"}]},{\"@type\":\"WebSite\",\"@id\":\"https:\\\/\\\/laorotava.salesianos.edu\\\/colegio\\\/#website\",\"url\":\"https:\\\/\\\/laorotava.salesianos.edu\\\/colegio\\\/\",\"name\":\"Colegio Salesiano San Isidro\",\"description\":\"P\u00e1gina oficial Colegio Salesiano San Isidro\",\"potentialAction\":[{\"@type\":\"SearchAction\",\"target\":{\"@type\":\"EntryPoint\",\"urlTemplate\":\"https:\\\/\\\/laorotava.salesianos.edu\\\/colegio\\\/?s={search_term_string}\"},\"query-input\":{\"@type\":\"PropertyValueSpecification\",\"valueRequired\":true,\"valueName\":\"search_term_string\"}}],\"inLanguage\":\"es\"}]}<\/script>\n<!-- \/ Yoast SEO plugin. -->","yoast_head_json":{"title":"Proyectos Pedag\u00f3gicos - Colegio Salesiano San Isidro","robots":{"index":"index","follow":"follow","max-snippet":"max-snippet:-1","max-image-preview":"max-image-preview:large","max-video-preview":"max-video-preview:-1"},"canonical":"https:\/\/laorotava.salesianos.edu\/colegio\/proyectos-pedagogicos\/","og_locale":"es_ES","og_type":"article","og_title":"Proyectos Pedag\u00f3gicos - Colegio Salesiano San Isidro","og_description":"Nuestro proyecto educativo se sustenta en torno a diferentes pilares fundamentales sobre los cuales se alza un objetivo claro: ofrecer una educaci\u00f3n integral que permita el desarrollo en el alumnado de un modelo de persona bien definido. Una persona que, al final de su etapa de formaci\u00f3n en nuestra escuela, haya sido capaz de adquirir [&hellip;]","og_url":"https:\/\/laorotava.salesianos.edu\/colegio\/proyectos-pedagogicos\/","og_site_name":"Colegio Salesiano San Isidro","article_modified_time":"2025-08-25T06:25:08+00:00","twitter_card":"summary_large_image","twitter_misc":{"Tiempo de lectura":"11 minutos"},"schema":{"@context":"https:\/\/schema.org","@graph":[{"@type":"WebPage","@id":"https:\/\/laorotava.salesianos.edu\/colegio\/proyectos-pedagogicos\/","url":"https:\/\/laorotava.salesianos.edu\/colegio\/proyectos-pedagogicos\/","name":"Proyectos Pedag\u00f3gicos - Colegio Salesiano San Isidro","isPartOf":{"@id":"https:\/\/laorotava.salesianos.edu\/colegio\/#website"},"datePublished":"2018-01-29T11:55:21+00:00","dateModified":"2025-08-25T06:25:08+00:00","breadcrumb":{"@id":"https:\/\/laorotava.salesianos.edu\/colegio\/proyectos-pedagogicos\/#breadcrumb"},"inLanguage":"es","potentialAction":[{"@type":"ReadAction","target":["https:\/\/laorotava.salesianos.edu\/colegio\/proyectos-pedagogicos\/"]}]},{"@type":"BreadcrumbList","@id":"https:\/\/laorotava.salesianos.edu\/colegio\/proyectos-pedagogicos\/#breadcrumb","itemListElement":[{"@type":"ListItem","position":1,"name":"Portada","item":"https:\/\/laorotava.salesianos.edu\/colegio\/"},{"@type":"ListItem","position":2,"name":"Proyectos Pedag\u00f3gicos"}]},{"@type":"WebSite","@id":"https:\/\/laorotava.salesianos.edu\/colegio\/#website","url":"https:\/\/laorotava.salesianos.edu\/colegio\/","name":"Colegio Salesiano San Isidro","description":"P\u00e1gina oficial Colegio Salesiano San Isidro","potentialAction":[{"@type":"SearchAction","target":{"@type":"EntryPoint","urlTemplate":"https:\/\/laorotava.salesianos.edu\/colegio\/?s={search_term_string}"},"query-input":{"@type":"PropertyValueSpecification","valueRequired":true,"valueName":"search_term_string"}}],"inLanguage":"es"}]}},"_links":{"self":[{"href":"https:\/\/laorotava.salesianos.edu\/colegio\/wp-json\/wp\/v2\/pages\/7915","targetHints":{"allow":["GET"]}}],"collection":[{"href":"https:\/\/laorotava.salesianos.edu\/colegio\/wp-json\/wp\/v2\/pages"}],"about":[{"href":"https:\/\/laorotava.salesianos.edu\/colegio\/wp-json\/wp\/v2\/types\/page"}],"author":[{"embeddable":true,"href":"https:\/\/laorotava.salesianos.edu\/colegio\/wp-json\/wp\/v2\/users\/3"}],"replies":[{"embeddable":true,"href":"https:\/\/laorotava.salesianos.edu\/colegio\/wp-json\/wp\/v2\/comments?post=7915"}],"version-history":[{"count":23,"href":"https:\/\/laorotava.salesianos.edu\/colegio\/wp-json\/wp\/v2\/pages\/7915\/revisions"}],"predecessor-version":[{"id":10282,"href":"https:\/\/laorotava.salesianos.edu\/colegio\/wp-json\/wp\/v2\/pages\/7915\/revisions\/10282"}],"wp:attachment":[{"href":"https:\/\/laorotava.salesianos.edu\/colegio\/wp-json\/wp\/v2\/media?parent=7915"}],"curies":[{"name":"wp","href":"https:\/\/api.w.org\/{rel}","templated":true}]}}