{"id":2600,"date":"2017-10-18T20:07:55","date_gmt":"2017-10-18T20:07:55","guid":{"rendered":"https:\/\/laorotava.salesianos.edu\/colegio\/?page_id=2600"},"modified":"2025-08-25T06:25:07","modified_gmt":"2025-08-25T06:25:07","slug":"pastoral-escolar","status":"publish","type":"page","link":"https:\/\/laorotava.salesianos.edu\/colegio\/pastoral-escolar\/","title":{"rendered":"Pastoral Escolar"},"content":{"rendered":"<div id=\"fb-root\"><\/div>\n<p>[et_pb_section fb_built=\u00bb1&#8243; fullwidth=\u00bbon\u00bb _builder_version=\u00bb4.16&#8243; global_colors_info=\u00bb{}\u00bb][et_pb_fullwidth_header title=\u00bbPastoral Escolar\u00bb module_class=\u00bbpagina-imagen-cabecera\u00bb _builder_version=\u00bb4.16&#8243; title_text_color=\u00bb#ffffff\u00bb title_font_size=\u00bb40px\u00bb background_color=\u00bbrgba(255, 255, 255, 0)\u00bb background_image=\u00bbhttps:\/\/laorotava.salesianos.edu\/colegio\/wp-content\/uploads\/sites\/2\/2018\/01\/IMG-20161027-WA0003.jpg\u00bb background_layout=\u00bblight\u00bb global_colors_info=\u00bb{}\u00bb button_one_text_size__hover_enabled=\u00bboff\u00bb button_two_text_size__hover_enabled=\u00bboff\u00bb button_one_text_color__hover_enabled=\u00bboff\u00bb button_two_text_color__hover_enabled=\u00bboff\u00bb button_one_border_width__hover_enabled=\u00bboff\u00bb button_two_border_width__hover_enabled=\u00bboff\u00bb button_one_border_color__hover_enabled=\u00bboff\u00bb button_two_border_color__hover_enabled=\u00bboff\u00bb button_one_border_radius__hover_enabled=\u00bboff\u00bb button_two_border_radius__hover_enabled=\u00bboff\u00bb button_one_letter_spacing__hover_enabled=\u00bboff\u00bb button_two_letter_spacing__hover_enabled=\u00bboff\u00bb button_one_bg_color__hover_enabled=\u00bboff\u00bb button_two_bg_color__hover_enabled=\u00bboff\u00bb][\/et_pb_fullwidth_header][\/et_pb_section][et_pb_section fb_built=\u00bb1&#8243; module_class=\u00bbpagina-seccion-contenido\u00bb _builder_version=\u00bb4.16&#8243; custom_padding=\u00bb0%||49px|\u00bb global_colors_info=\u00bb{}\u00bb][et_pb_row column_structure=\u00bb2_3,1_3&#8243; _builder_version=\u00bb4.16&#8243; background_size=\u00bbinitial\u00bb background_position=\u00bbtop_left\u00bb background_repeat=\u00bbrepeat\u00bb custom_margin=\u00bb25px|||\u00bb custom_padding=\u00bb25px|0px|26px|0px\u00bb global_colors_info=\u00bb{}\u00bb][et_pb_column type=\u00bb2_3&#8243; _builder_version=\u00bb4.16&#8243; custom_padding=\u00bb|||\u00bb global_colors_info=\u00bb{}\u00bb custom_padding__hover=\u00bb|||\u00bb][et_pb_testimonial author=\u00bbJon\u00e1s \u00c1lvarez\u00bb job_title=\u00bbCoordinador de pastoral escolar\u00bb _builder_version=\u00bb4.16&#8243; background_size=\u00bbinitial\u00bb background_position=\u00bbtop_left\u00bb background_repeat=\u00bbrepeat\u00bb text_orientation=\u00bbjustified\u00bb custom_margin=\u00bb|||\u00bb custom_padding=\u00bb35px|||\u00bb box_shadow_style=\u00bbpreset3&#8243; global_colors_info=\u00bb{}\u00bb]<\/p>\n<h2>\u00bfQu\u00e9 es la pastoral?<\/h2>\n<p class=\"m_3019736248564300917gmail-p1\"><span class=\"m_3019736248564300917gmail-s1\">Hacer de nuestros alumnos \u00abbuenos cristianos y honrados ciudadanos\u00bb es la misi\u00f3n m\u00e1s importante que nos ha encomendado Don Bosco. Siguiendo su ejemplo, su ense\u00f1anza y su carisma nuestro Centro se preocupa por ofrecer a cuantos llegan a \u00e9l la posibilidad de un crecimiento integral de la persona: poniendo al ni\u00f1o y al joven en el centro intentamos abrir una ventana a su trascendencia, al descubrimiento del mensaje del Evangelio y de sus valores.<span class=\"m_3019736248564300917gmail-Apple-converted-space\">\u00a0<\/span><\/span><\/p>\n<p class=\"m_3019736248564300917gmail-p1\"><span class=\"m_3019736248564300917gmail-s1\">Se trata, pues, de educar evangelizando y de evangelizar educando; un binomio inseparable en el carisma salesiano. Siendo nuestros alumnos los protagonistas principales de cuanto hacemos no podemos descuidar, por tanto, la educaci\u00f3n de su interioridad, de su acercarse a Dios y a los dem\u00e1s. Una propuesta expl\u00edcita de acuerdo con nuestro ideario cat\u00f3lico que nos ayuda a crear un clima de familiaridad y de sana convivencia basado en el respeto, el afecto, el servicio y la alegr\u00eda.<span class=\"m_3019736248564300917gmail-Apple-converted-space\">\u00a0<\/span><\/span><\/p>\n<p class=\"m_3019736248564300917gmail-p1\"><span class=\"m_3019736248564300917gmail-s1\">Desde la Pastoral Escolar intentamos, pues, que el mensaje del Evangelio sea transversal a todo cuanto hacemos en el Centro, a todo cuanto somos\u2026 pues es esto lo que nos define. Son muy diversos los caminos que los permiten alcanzar nuestros objetivos, aprovechando cada una de las posibilidades que nos brinda un proyecto de innovaci\u00f3n educativa como el nuestro.<\/span><\/p>\n<p>[\/et_pb_testimonial][\/et_pb_column][et_pb_column type=\u00bb1_3&#8243; _builder_version=\u00bb4.16&#8243; custom_padding=\u00bb|||\u00bb global_colors_info=\u00bb{}\u00bb custom_padding__hover=\u00bb|||\u00bb][et_pb_text _builder_version=\u00bb4.16&#8243; custom_margin=\u00bb|||\u00bb custom_padding=\u00bb|||\u00bb global_colors_info=\u00bb{}\u00bb]<\/p>\n<h2>Nuestros puntos fuertes<\/h2>\n<p>[\/et_pb_text][et_pb_text _builder_version=\u00bb4.16&#8243; background_size=\u00bbinitial\u00bb background_position=\u00bbtop_left\u00bb background_repeat=\u00bbrepeat\u00bb text_orientation=\u00bbjustified\u00bb global_colors_info=\u00bb{}\u00bb]Nuestros puntos fuertes son, precisamente, cada una de las acciones pastorales que realizamos en el d\u00eda a d\u00eda con nuestros alumnos: buenos d\u00edas y oraci\u00f3n de la ma\u00f1ana, celebraciones de la Palabra y eucarist\u00edas grupales, convivencias, fiestas salesianas, campa\u00f1as solidarias\u2026 No se trata de momentos aislados, sino que cada uno de estos forma parte de un proyecto integrado que buscar fomentar el crecimiento personal de cada alumno. Una seria apuesta por la educaci\u00f3n de la interioridad y por la formaci\u00f3n de un proyecto de vida s\u00f3lido.<br \/>\n[\/et_pb_text][et_pb_button button_url=\u00bbhttps:\/\/www.ven-y-veras.com\/\u00bb url_new_window=\u00bbon\u00bb button_text=\u00bbLema del curso\u00bb disabled_on=\u00bbon|on|on\u00bb _builder_version=\u00bb4.16&#8243; custom_button=\u00bbon\u00bb button_text_color=\u00bb#ffffff\u00bb button_bg_color=\u00bb#e02b20&#8243; button_bg_blend=\u00bblighten\u00bb button_border_width=\u00bb0px\u00bb disabled=\u00bbon\u00bb global_colors_info=\u00bb{}\u00bb button_text_size__hover_enabled=\u00bboff\u00bb button_one_text_size__hover_enabled=\u00bboff\u00bb button_two_text_size__hover_enabled=\u00bboff\u00bb button_text_color__hover_enabled=\u00bboff\u00bb button_one_text_color__hover_enabled=\u00bboff\u00bb button_two_text_color__hover_enabled=\u00bboff\u00bb button_border_width__hover_enabled=\u00bboff\u00bb button_one_border_width__hover_enabled=\u00bboff\u00bb button_two_border_width__hover_enabled=\u00bboff\u00bb button_border_color__hover_enabled=\u00bboff\u00bb button_one_border_color__hover_enabled=\u00bboff\u00bb button_two_border_color__hover_enabled=\u00bboff\u00bb button_border_radius__hover_enabled=\u00bboff\u00bb button_one_border_radius__hover_enabled=\u00bboff\u00bb button_two_border_radius__hover_enabled=\u00bboff\u00bb button_letter_spacing__hover_enabled=\u00bboff\u00bb button_one_letter_spacing__hover_enabled=\u00bboff\u00bb button_two_letter_spacing__hover_enabled=\u00bboff\u00bb button_bg_color__hover_enabled=\u00bboff\u00bb button_one_bg_color__hover_enabled=\u00bboff\u00bb button_two_bg_color__hover_enabled=\u00bboff\u00bb][\/et_pb_button][\/et_pb_column][\/et_pb_row][et_pb_row column_structure=\u00bb1_2,1_2&#8243; module_class=\u00bbpagina-texto\u00bb _builder_version=\u00bb4.16&#8243; background_size=\u00bbinitial\u00bb background_position=\u00bbtop_left\u00bb background_repeat=\u00bbrepeat\u00bb custom_margin=\u00bb|||\u00bb custom_padding=\u00bb25px|||\u00bb global_colors_info=\u00bb{}\u00bb][et_pb_column type=\u00bb1_2&#8243; _builder_version=\u00bb4.16&#8243; custom_padding=\u00bb|||\u00bb global_colors_info=\u00bb{}\u00bb custom_padding__hover=\u00bb|||\u00bb][et_pb_image _builder_version=\u00bb4.23.4&#8243; _module_preset=\u00bbdefault\u00bb title_text=\u00bbEquipo de Pastoral Salesianos La Orotava\u00bb src=\u00bbhttps:\/\/laorotava.salesianos.edu\/colegio\/wp-content\/uploads\/sites\/2\/2024\/02\/Equipo-de-Pastoral-Salesianos-La-Orotava-scaled.jpg\u00bb box_shadow_style=\u00bbpreset1&#8243; hover_enabled=\u00bb0&#8243; sticky_enabled=\u00bb0&#8243;][\/et_pb_image][\/et_pb_column][et_pb_column type=\u00bb1_2&#8243; _builder_version=\u00bb4.16&#8243; custom_padding=\u00bb|||\u00bb global_colors_info=\u00bb{}\u00bb custom_padding__hover=\u00bb|||\u00bb][et_pb_text _builder_version=\u00bb4.16&#8243; header_font=\u00bb||||||||\u00bb header_2_font=\u00bbLato|300|||||||\u00bb header_2_font_size=\u00bb28px\u00bb custom_margin=\u00bb|||\u00bb custom_padding=\u00bb|||\u00bb global_colors_info=\u00bb{}\u00bb]<\/p>\n<h2>Nuestro equipo<\/h2>\n<p>[\/et_pb_text][et_pb_text _builder_version=\u00bb4.23.4&#8243; text_font=\u00bb||||||||\u00bb header_font=\u00bb||||||||\u00bb background_size=\u00bbinitial\u00bb background_position=\u00bbtop_left\u00bb background_repeat=\u00bbrepeat\u00bb text_orientation=\u00bbjustified\u00bb hover_enabled=\u00bb0&#8243; border_style=\u00bbsolid\u00bb global_colors_info=\u00bb{}\u00bb sticky_enabled=\u00bb0&#8243;]<\/p>\n<p>El Equipo de Pastoral Escolar esta compuesto por:<\/p>\n<ul>\n<li>D. Jon\u00e1s \u00c1lvarez Rodr\u00edguez. Coordinador de Pastoral de la Obra.<\/li>\n<li>D\u00f1a. Desire\u00e9. (Infantil)<\/li>\n<li>D. Mario. (Primaria)<\/li>\n<li>D. Carmen Abrante. (Primaria)<\/li>\n<li>D\u00f1a. M\u00aa del Mar (Secundaria)<\/li>\n<li>D\u00f1a. Marbelis (Orientaci\u00f3n)\u00a0<\/li>\n<\/ul>\n<p>Adem\u00e1s, de todos y cada uno de los profesores y personal no docente del Colegio<\/p>\n<p>[\/et_pb_text][\/et_pb_column][\/et_pb_row][et_pb_row _builder_version=\u00bb4.16&#8243; global_colors_info=\u00bb{}\u00bb][et_pb_column type=\u00bb4_4&#8243; _builder_version=\u00bb4.16&#8243; custom_padding=\u00bb|||\u00bb global_colors_info=\u00bb{}\u00bb custom_padding__hover=\u00bb|||\u00bb][et_pb_text _builder_version=\u00bb4.16&#8243; header_font=\u00bb||||||||\u00bb header_2_font=\u00bbLato|300|||||||\u00bb header_2_font_size=\u00bb30px\u00bb hover_enabled=\u00bb0&#8243; global_colors_info=\u00bb{}\u00bb sticky_enabled=\u00bb0&#8243;]<\/p>\n<h2>\u00bfQu\u00e9 actividades llevamos \u00a0a cabo?<\/h2>\n<p>[\/et_pb_text][\/et_pb_column][\/et_pb_row][et_pb_row column_structure=\u00bb1_3,1_3,1_3&#8243; _builder_version=\u00bb4.16&#8243; custom_padding=\u00bb0px|0px|23.03125px|0px\u00bb global_colors_info=\u00bb{}\u00bb][et_pb_column type=\u00bb1_3&#8243; _builder_version=\u00bb4.16&#8243; custom_padding=\u00bb|||\u00bb global_colors_info=\u00bb{}\u00bb custom_padding__hover=\u00bb|||\u00bb][et_pb_cta title=\u00bbBuenos d\u00edas\u00bb _builder_version=\u00bb4.16&#8243; header_font=\u00bbLato||||\u00bb header_font_size=\u00bb24px\u00bb header_line_height=\u00bb1.2em\u00bb body_font=\u00bb||||||||\u00bb body_font_size=\u00bb16px\u00bb background_color=\u00bbrgba(247,247,247,0.8)\u00bb background_image=\u00bbhttps:\/\/laorotava.salesianos.edu\/colegio\/wp-content\/uploads\/sites\/2\/2018\/01\/IMG_8512-1.jpg\u00bb background_blend=\u00bblighten\u00bb custom_button=\u00bbon\u00bb button_text_color=\u00bb#ffffff\u00bb button_bg_color=\u00bb#e02b20&#8243; button_border_width=\u00bb0px\u00bb button_font=\u00bb||||||||\u00bb text_orientation=\u00bbleft\u00bb background_layout=\u00bblight\u00bb custom_margin=\u00bb||25px|\u00bb custom_padding=\u00bb30px|30px|30px|30px\u00bb box_shadow_style=\u00bbpreset3&#8243; text_shadow_style=\u00bbpreset3&#8243; text_shadow_blur_strength=\u00bb1.01em\u00bb text_shadow_color=\u00bb#ffffff\u00bb global_colors_info=\u00bb{}\u00bb button_text_size__hover_enabled=\u00bboff\u00bb button_one_text_size__hover_enabled=\u00bboff\u00bb button_two_text_size__hover_enabled=\u00bboff\u00bb button_text_color__hover_enabled=\u00bboff\u00bb button_one_text_color__hover_enabled=\u00bboff\u00bb button_two_text_color__hover_enabled=\u00bboff\u00bb button_border_width__hover_enabled=\u00bboff\u00bb button_one_border_width__hover_enabled=\u00bboff\u00bb button_two_border_width__hover_enabled=\u00bboff\u00bb button_border_color__hover_enabled=\u00bboff\u00bb button_one_border_color__hover_enabled=\u00bboff\u00bb button_two_border_color__hover_enabled=\u00bboff\u00bb button_border_radius__hover_enabled=\u00bboff\u00bb button_one_border_radius__hover_enabled=\u00bboff\u00bb button_two_border_radius__hover_enabled=\u00bboff\u00bb button_letter_spacing__hover_enabled=\u00bboff\u00bb button_one_letter_spacing__hover_enabled=\u00bboff\u00bb button_two_letter_spacing__hover_enabled=\u00bboff\u00bb button_bg_color__hover_enabled=\u00bboff\u00bb button_one_bg_color__hover_enabled=\u00bboff\u00bb button_two_bg_color__hover_enabled=\u00bboff\u00bb]Empezamos el d\u00eda con una relfexi\u00f3n y oraci\u00f3n.<br \/>\n[\/et_pb_cta][et_pb_cta title=\u00bbD\u00edas se\u00f1alados\u00bb _builder_version=\u00bb4.16&#8243; header_font=\u00bbLato||||\u00bb header_font_size=\u00bb24px\u00bb header_line_height=\u00bb1.2em\u00bb body_font=\u00bb||||||||\u00bb body_font_size=\u00bb16px\u00bb background_color=\u00bbrgba(247,247,247,0.8)\u00bb background_image=\u00bbhttps:\/\/laorotava.salesianos.edu\/colegio\/wp-content\/uploads\/sites\/2\/2018\/01\/IMG_1060.jpg\u00bb background_blend=\u00bblighten\u00bb custom_button=\u00bbon\u00bb button_text_color=\u00bb#ffffff\u00bb button_bg_color=\u00bb#e02b20&#8243; button_border_width=\u00bb0px\u00bb button_font=\u00bb||||||||\u00bb text_orientation=\u00bbleft\u00bb background_layout=\u00bblight\u00bb custom_margin=\u00bb||25px|\u00bb custom_padding=\u00bb30px|30px|30px|30px\u00bb box_shadow_style=\u00bbpreset3&#8243; text_shadow_style=\u00bbpreset3&#8243; text_shadow_blur_strength=\u00bb1.01em\u00bb text_shadow_color=\u00bb#ffffff\u00bb global_colors_info=\u00bb{}\u00bb button_text_size__hover_enabled=\u00bboff\u00bb button_one_text_size__hover_enabled=\u00bboff\u00bb button_two_text_size__hover_enabled=\u00bboff\u00bb button_text_color__hover_enabled=\u00bboff\u00bb button_one_text_color__hover_enabled=\u00bboff\u00bb button_two_text_color__hover_enabled=\u00bboff\u00bb button_border_width__hover_enabled=\u00bboff\u00bb button_one_border_width__hover_enabled=\u00bboff\u00bb button_two_border_width__hover_enabled=\u00bboff\u00bb button_border_color__hover_enabled=\u00bboff\u00bb button_one_border_color__hover_enabled=\u00bboff\u00bb button_two_border_color__hover_enabled=\u00bboff\u00bb button_border_radius__hover_enabled=\u00bboff\u00bb button_one_border_radius__hover_enabled=\u00bboff\u00bb button_two_border_radius__hover_enabled=\u00bboff\u00bb button_letter_spacing__hover_enabled=\u00bboff\u00bb button_one_letter_spacing__hover_enabled=\u00bboff\u00bb button_two_letter_spacing__hover_enabled=\u00bboff\u00bb button_bg_color__hover_enabled=\u00bboff\u00bb button_one_bg_color__hover_enabled=\u00bboff\u00bb button_two_bg_color__hover_enabled=\u00bboff\u00bb]Fiestas y eventos de familia como: Navidad, Don Bosco, M\u00aa Auxiliadora&#8230;<br \/>\n[\/et_pb_cta][\/et_pb_column][et_pb_column type=\u00bb1_3&#8243; _builder_version=\u00bb4.16&#8243; custom_padding=\u00bb|||\u00bb global_colors_info=\u00bb{}\u00bb custom_padding__hover=\u00bb|||\u00bb][et_pb_cta title=\u00bbCarteleras y web\u00bb _builder_version=\u00bb4.16&#8243; header_font=\u00bbLato||||\u00bb header_font_size=\u00bb24px\u00bb header_line_height=\u00bb1.2em\u00bb body_font_size=\u00bb16px\u00bb background_color=\u00bbrgba(247,247,247,0.8)\u00bb background_image=\u00bbhttps:\/\/laorotava.salesianos.edu\/colegio\/wp-content\/uploads\/sites\/2\/2018\/01\/Captura-de-pantalla-2018-01-30-a-las-22.15.19.png\u00bb background_blend=\u00bblighten\u00bb custom_button=\u00bbon\u00bb button_text_color=\u00bb#ffffff\u00bb button_bg_color=\u00bb#e02b20&#8243; button_border_width=\u00bb0px\u00bb text_orientation=\u00bbleft\u00bb background_layout=\u00bblight\u00bb custom_margin=\u00bb||25px|\u00bb custom_padding=\u00bb30px|30px|30px|30px\u00bb box_shadow_style=\u00bbpreset3&#8243; text_shadow_style=\u00bbpreset3&#8243; text_shadow_blur_strength=\u00bb1.01em\u00bb text_shadow_color=\u00bb#ffffff\u00bb global_colors_info=\u00bb{}\u00bb button_text_size__hover_enabled=\u00bboff\u00bb button_one_text_size__hover_enabled=\u00bboff\u00bb button_two_text_size__hover_enabled=\u00bboff\u00bb button_text_color__hover_enabled=\u00bboff\u00bb button_one_text_color__hover_enabled=\u00bboff\u00bb button_two_text_color__hover_enabled=\u00bboff\u00bb button_border_width__hover_enabled=\u00bboff\u00bb button_one_border_width__hover_enabled=\u00bboff\u00bb button_two_border_width__hover_enabled=\u00bboff\u00bb button_border_color__hover_enabled=\u00bboff\u00bb button_one_border_color__hover_enabled=\u00bboff\u00bb button_two_border_color__hover_enabled=\u00bboff\u00bb button_border_radius__hover_enabled=\u00bboff\u00bb button_one_border_radius__hover_enabled=\u00bboff\u00bb button_two_border_radius__hover_enabled=\u00bboff\u00bb button_letter_spacing__hover_enabled=\u00bboff\u00bb button_one_letter_spacing__hover_enabled=\u00bboff\u00bb button_two_letter_spacing__hover_enabled=\u00bboff\u00bb button_bg_color__hover_enabled=\u00bboff\u00bb button_one_bg_color__hover_enabled=\u00bboff\u00bb button_two_bg_color__hover_enabled=\u00bboff\u00bb]Utilizamos la cartelera y la web del colegio para la comunicaci\u00f3n pastoral.<br \/>\n[\/et_pb_cta][et_pb_cta title=\u00bbCelebraciones\u00bb _builder_version=\u00bb4.16&#8243; header_font=\u00bbLato||||\u00bb header_font_size=\u00bb24px\u00bb header_line_height=\u00bb1.2em\u00bb body_font=\u00bb||||||||\u00bb body_font_size=\u00bb16px\u00bb background_color=\u00bbrgba(247,247,247,0.8)\u00bb background_image=\u00bbhttps:\/\/alicante.salesianos.edu\/colegio\/wp-content\/uploads\/sites\/2\/2017\/09\/17_09_11_casa_comienzanmisascolegio-min.jpg\u00bb background_blend=\u00bblighten\u00bb custom_button=\u00bbon\u00bb button_text_color=\u00bb#ffffff\u00bb button_bg_color=\u00bb#e02b20&#8243; button_border_width=\u00bb0px\u00bb button_font=\u00bb||||||||\u00bb text_orientation=\u00bbleft\u00bb background_layout=\u00bblight\u00bb custom_margin=\u00bb||25px|\u00bb custom_padding=\u00bb30px|30px|30px|30px\u00bb box_shadow_style=\u00bbpreset3&#8243; text_shadow_style=\u00bbpreset3&#8243; text_shadow_blur_strength=\u00bb1.01em\u00bb text_shadow_color=\u00bb#ffffff\u00bb global_colors_info=\u00bb{}\u00bb button_text_size__hover_enabled=\u00bboff\u00bb button_one_text_size__hover_enabled=\u00bboff\u00bb button_two_text_size__hover_enabled=\u00bboff\u00bb button_text_color__hover_enabled=\u00bboff\u00bb button_one_text_color__hover_enabled=\u00bboff\u00bb button_two_text_color__hover_enabled=\u00bboff\u00bb button_border_width__hover_enabled=\u00bboff\u00bb button_one_border_width__hover_enabled=\u00bboff\u00bb button_two_border_width__hover_enabled=\u00bboff\u00bb button_border_color__hover_enabled=\u00bboff\u00bb button_one_border_color__hover_enabled=\u00bboff\u00bb button_two_border_color__hover_enabled=\u00bboff\u00bb button_border_radius__hover_enabled=\u00bboff\u00bb button_one_border_radius__hover_enabled=\u00bboff\u00bb button_two_border_radius__hover_enabled=\u00bboff\u00bb button_letter_spacing__hover_enabled=\u00bboff\u00bb button_one_letter_spacing__hover_enabled=\u00bboff\u00bb button_two_letter_spacing__hover_enabled=\u00bboff\u00bb button_bg_color__hover_enabled=\u00bboff\u00bb button_one_bg_color__hover_enabled=\u00bboff\u00bb button_two_bg_color__hover_enabled=\u00bboff\u00bb]Celebramos la Eucarist\u00eda, la Reconciliaci\u00f3n y un momento de oraci\u00f3n al trimestre.<br \/>\n[\/et_pb_cta][\/et_pb_column][et_pb_column type=\u00bb1_3&#8243; _builder_version=\u00bb4.16&#8243; custom_padding=\u00bb|||\u00bb global_colors_info=\u00bb{}\u00bb custom_padding__hover=\u00bb|||\u00bb][et_pb_cta title=\u00bbCampa\u00f1as solidarias\u00bb _builder_version=\u00bb4.16&#8243; header_font=\u00bbLato||||\u00bb header_font_size=\u00bb24px\u00bb header_line_height=\u00bb1.2em\u00bb body_font=\u00bb||||||||\u00bb body_font_size=\u00bb16px\u00bb background_color=\u00bbrgba(247,247,247,0.8)\u00bb background_image=\u00bbhttps:\/\/laorotava.salesianos.edu\/colegio\/wp-content\/uploads\/sites\/2\/2018\/01\/IMG_1057.jpg\u00bb background_blend=\u00bblighten\u00bb custom_button=\u00bbon\u00bb button_text_color=\u00bb#ffffff\u00bb button_bg_color=\u00bb#e02b20&#8243; button_border_width=\u00bb0px\u00bb button_font=\u00bb||||||||\u00bb text_orientation=\u00bbleft\u00bb background_layout=\u00bblight\u00bb custom_margin=\u00bb||25px|\u00bb custom_padding=\u00bb30px|30px|30px|30px\u00bb box_shadow_style=\u00bbpreset3&#8243; text_shadow_style=\u00bbpreset3&#8243; text_shadow_blur_strength=\u00bb1.01em\u00bb text_shadow_color=\u00bb#ffffff\u00bb global_colors_info=\u00bb{}\u00bb button_text_size__hover_enabled=\u00bboff\u00bb button_one_text_size__hover_enabled=\u00bboff\u00bb button_two_text_size__hover_enabled=\u00bboff\u00bb button_text_color__hover_enabled=\u00bboff\u00bb button_one_text_color__hover_enabled=\u00bboff\u00bb button_two_text_color__hover_enabled=\u00bboff\u00bb button_border_width__hover_enabled=\u00bboff\u00bb button_one_border_width__hover_enabled=\u00bboff\u00bb button_two_border_width__hover_enabled=\u00bboff\u00bb button_border_color__hover_enabled=\u00bboff\u00bb button_one_border_color__hover_enabled=\u00bboff\u00bb button_two_border_color__hover_enabled=\u00bboff\u00bb button_border_radius__hover_enabled=\u00bboff\u00bb button_one_border_radius__hover_enabled=\u00bboff\u00bb button_two_border_radius__hover_enabled=\u00bboff\u00bb button_letter_spacing__hover_enabled=\u00bboff\u00bb button_one_letter_spacing__hover_enabled=\u00bboff\u00bb button_two_letter_spacing__hover_enabled=\u00bboff\u00bb button_bg_color__hover_enabled=\u00bboff\u00bb button_one_bg_color__hover_enabled=\u00bboff\u00bb button_two_bg_color__hover_enabled=\u00bboff\u00bb]Promovemos la solidaridad: Domund, Kilo, Bocadillo Soldiario&#8230;<br \/>\n[\/et_pb_cta][et_pb_cta title=\u00bbTutor\u00edas y convivencias\u00bb _builder_version=\u00bb4.16&#8243; header_font=\u00bbLato||||\u00bb header_font_size=\u00bb24px\u00bb header_line_height=\u00bb1.2em\u00bb body_font=\u00bb||||||||\u00bb body_font_size=\u00bb16px\u00bb background_color=\u00bbrgba(247,247,247,0.8)\u00bb background_image=\u00bbhttps:\/\/laorotava.salesianos.edu\/colegio\/wp-content\/uploads\/sites\/2\/2018\/01\/alumnos-2.jpg\u00bb background_blend=\u00bblighten\u00bb custom_button=\u00bbon\u00bb button_text_color=\u00bb#ffffff\u00bb button_bg_color=\u00bb#e02b20&#8243; button_border_width=\u00bb0px\u00bb button_font=\u00bb||||||||\u00bb text_orientation=\u00bbleft\u00bb background_layout=\u00bblight\u00bb custom_margin=\u00bb||25px|\u00bb custom_padding=\u00bb30px|30px|30px|30px\u00bb box_shadow_style=\u00bbpreset3&#8243; text_shadow_style=\u00bbpreset3&#8243; text_shadow_blur_strength=\u00bb1.01em\u00bb text_shadow_color=\u00bb#ffffff\u00bb global_colors_info=\u00bb{}\u00bb button_text_size__hover_enabled=\u00bboff\u00bb button_one_text_size__hover_enabled=\u00bboff\u00bb button_two_text_size__hover_enabled=\u00bboff\u00bb button_text_color__hover_enabled=\u00bboff\u00bb button_one_text_color__hover_enabled=\u00bboff\u00bb button_two_text_color__hover_enabled=\u00bboff\u00bb button_border_width__hover_enabled=\u00bboff\u00bb button_one_border_width__hover_enabled=\u00bboff\u00bb button_two_border_width__hover_enabled=\u00bboff\u00bb button_border_color__hover_enabled=\u00bboff\u00bb button_one_border_color__hover_enabled=\u00bboff\u00bb button_two_border_color__hover_enabled=\u00bboff\u00bb button_border_radius__hover_enabled=\u00bboff\u00bb button_one_border_radius__hover_enabled=\u00bboff\u00bb button_two_border_radius__hover_enabled=\u00bboff\u00bb button_letter_spacing__hover_enabled=\u00bboff\u00bb button_one_letter_spacing__hover_enabled=\u00bboff\u00bb button_two_letter_spacing__hover_enabled=\u00bboff\u00bb button_bg_color__hover_enabled=\u00bboff\u00bb button_one_bg_color__hover_enabled=\u00bboff\u00bb button_two_bg_color__hover_enabled=\u00bboff\u00bb]Momentos en los que cuidamos y trabajamos el proyecto personal de vida.<br \/>\n[\/et_pb_cta][\/et_pb_column][\/et_pb_row][\/et_pb_section]<\/p>\n<!-- AddThis Advanced Settings generic via filter on the_content --><!-- AddThis Share Buttons generic via filter on the_content -->","protected":false},"excerpt":{"rendered":"<p>\u00bfQu\u00e9 es la pastoral? Hacer de nuestros alumnos \u00abbuenos cristianos y honrados ciudadanos\u00bb es la misi\u00f3n m\u00e1s importante que nos ha encomendado Don Bosco. Siguiendo su ejemplo, su ense\u00f1anza y su carisma nuestro Centro se preocupa por ofrecer a cuantos llegan a \u00e9l la posibilidad de un crecimiento integral de la persona: poniendo al ni\u00f1o [&hellip;]<\/p>\n<p><!-- AddThis Advanced Settings generic via filter on get_the_excerpt --><!-- AddThis Share Buttons generic via filter on get_the_excerpt --><\/p>\n","protected":false},"author":3,"featured_media":0,"parent":0,"menu_order":0,"comment_status":"closed","ping_status":"closed","template":"","meta":{"_et_pb_use_builder":"on","_et_pb_old_content":"","_et_gb_content_width":"","footnotes":""},"class_list":["post-2600","page","type-page","status-publish","hentry"],"yoast_head":"<!-- This site is optimized with the Yoast SEO plugin v28.3 - https:\/\/yoast.com\/product\/yoast-seo-wordpress\/ -->\n<title>Pastoral Escolar - Colegio Salesiano San Isidro<\/title>\n<meta name=\"robots\" content=\"index, follow, max-snippet:-1, max-image-preview:large, max-video-preview:-1\" \/>\n<link rel=\"canonical\" href=\"https:\/\/laorotava.salesianos.edu\/colegio\/pastoral-escolar\/\" \/>\n<meta property=\"og:locale\" content=\"es_ES\" \/>\n<meta property=\"og:type\" content=\"article\" \/>\n<meta property=\"og:title\" content=\"Pastoral Escolar - Colegio Salesiano San Isidro\" \/>\n<meta property=\"og:description\" content=\"\u00bfQu\u00e9 es la pastoral? Hacer de nuestros alumnos \u00abbuenos cristianos y honrados ciudadanos\u00bb es la misi\u00f3n m\u00e1s importante que nos ha encomendado Don Bosco. Siguiendo su ejemplo, su ense\u00f1anza y su carisma nuestro Centro se preocupa por ofrecer a cuantos llegan a \u00e9l la posibilidad de un crecimiento integral de la persona: poniendo al ni\u00f1o [&hellip;]\" \/>\n<meta property=\"og:url\" content=\"https:\/\/laorotava.salesianos.edu\/colegio\/pastoral-escolar\/\" \/>\n<meta property=\"og:site_name\" content=\"Colegio Salesiano San Isidro\" \/>\n<meta property=\"article:modified_time\" content=\"2025-08-25T06:25:07+00:00\" \/>\n<meta name=\"twitter:card\" content=\"summary_large_image\" \/>\n<meta name=\"twitter:label1\" content=\"Tiempo de lectura\" \/>\n\t<meta name=\"twitter:data1\" content=\"3 minutos\" \/>\n<script type=\"application\/ld+json\" class=\"yoast-schema-graph\">{\"@context\":\"https:\\\/\\\/schema.org\",\"@graph\":[{\"@type\":\"WebPage\",\"@id\":\"https:\\\/\\\/laorotava.salesianos.edu\\\/colegio\\\/pastoral-escolar\\\/\",\"url\":\"https:\\\/\\\/laorotava.salesianos.edu\\\/colegio\\\/pastoral-escolar\\\/\",\"name\":\"Pastoral Escolar - Colegio Salesiano San Isidro\",\"isPartOf\":{\"@id\":\"https:\\\/\\\/laorotava.salesianos.edu\\\/colegio\\\/#website\"},\"datePublished\":\"2017-10-18T20:07:55+00:00\",\"dateModified\":\"2025-08-25T06:25:07+00:00\",\"breadcrumb\":{\"@id\":\"https:\\\/\\\/laorotava.salesianos.edu\\\/colegio\\\/pastoral-escolar\\\/#breadcrumb\"},\"inLanguage\":\"es\",\"potentialAction\":[{\"@type\":\"ReadAction\",\"target\":[\"https:\\\/\\\/laorotava.salesianos.edu\\\/colegio\\\/pastoral-escolar\\\/\"]}]},{\"@type\":\"BreadcrumbList\",\"@id\":\"https:\\\/\\\/laorotava.salesianos.edu\\\/colegio\\\/pastoral-escolar\\\/#breadcrumb\",\"itemListElement\":[{\"@type\":\"ListItem\",\"position\":1,\"name\":\"Portada\",\"item\":\"https:\\\/\\\/laorotava.salesianos.edu\\\/colegio\\\/\"},{\"@type\":\"ListItem\",\"position\":2,\"name\":\"Pastoral Escolar\"}]},{\"@type\":\"WebSite\",\"@id\":\"https:\\\/\\\/laorotava.salesianos.edu\\\/colegio\\\/#website\",\"url\":\"https:\\\/\\\/laorotava.salesianos.edu\\\/colegio\\\/\",\"name\":\"Colegio Salesiano San Isidro\",\"description\":\"P\u00e1gina oficial Colegio Salesiano San Isidro\",\"potentialAction\":[{\"@type\":\"SearchAction\",\"target\":{\"@type\":\"EntryPoint\",\"urlTemplate\":\"https:\\\/\\\/laorotava.salesianos.edu\\\/colegio\\\/?s={search_term_string}\"},\"query-input\":{\"@type\":\"PropertyValueSpecification\",\"valueRequired\":true,\"valueName\":\"search_term_string\"}}],\"inLanguage\":\"es\"}]}<\/script>\n<!-- \/ Yoast SEO plugin. -->","yoast_head_json":{"title":"Pastoral Escolar - Colegio Salesiano San Isidro","robots":{"index":"index","follow":"follow","max-snippet":"max-snippet:-1","max-image-preview":"max-image-preview:large","max-video-preview":"max-video-preview:-1"},"canonical":"https:\/\/laorotava.salesianos.edu\/colegio\/pastoral-escolar\/","og_locale":"es_ES","og_type":"article","og_title":"Pastoral Escolar - Colegio Salesiano San Isidro","og_description":"\u00bfQu\u00e9 es la pastoral? Hacer de nuestros alumnos \u00abbuenos cristianos y honrados ciudadanos\u00bb es la misi\u00f3n m\u00e1s importante que nos ha encomendado Don Bosco. Siguiendo su ejemplo, su ense\u00f1anza y su carisma nuestro Centro se preocupa por ofrecer a cuantos llegan a \u00e9l la posibilidad de un crecimiento integral de la persona: poniendo al ni\u00f1o [&hellip;]","og_url":"https:\/\/laorotava.salesianos.edu\/colegio\/pastoral-escolar\/","og_site_name":"Colegio Salesiano San Isidro","article_modified_time":"2025-08-25T06:25:07+00:00","twitter_card":"summary_large_image","twitter_misc":{"Tiempo de lectura":"3 minutos"},"schema":{"@context":"https:\/\/schema.org","@graph":[{"@type":"WebPage","@id":"https:\/\/laorotava.salesianos.edu\/colegio\/pastoral-escolar\/","url":"https:\/\/laorotava.salesianos.edu\/colegio\/pastoral-escolar\/","name":"Pastoral Escolar - Colegio Salesiano San Isidro","isPartOf":{"@id":"https:\/\/laorotava.salesianos.edu\/colegio\/#website"},"datePublished":"2017-10-18T20:07:55+00:00","dateModified":"2025-08-25T06:25:07+00:00","breadcrumb":{"@id":"https:\/\/laorotava.salesianos.edu\/colegio\/pastoral-escolar\/#breadcrumb"},"inLanguage":"es","potentialAction":[{"@type":"ReadAction","target":["https:\/\/laorotava.salesianos.edu\/colegio\/pastoral-escolar\/"]}]},{"@type":"BreadcrumbList","@id":"https:\/\/laorotava.salesianos.edu\/colegio\/pastoral-escolar\/#breadcrumb","itemListElement":[{"@type":"ListItem","position":1,"name":"Portada","item":"https:\/\/laorotava.salesianos.edu\/colegio\/"},{"@type":"ListItem","position":2,"name":"Pastoral Escolar"}]},{"@type":"WebSite","@id":"https:\/\/laorotava.salesianos.edu\/colegio\/#website","url":"https:\/\/laorotava.salesianos.edu\/colegio\/","name":"Colegio Salesiano San Isidro","description":"P\u00e1gina oficial Colegio Salesiano San Isidro","potentialAction":[{"@type":"SearchAction","target":{"@type":"EntryPoint","urlTemplate":"https:\/\/laorotava.salesianos.edu\/colegio\/?s={search_term_string}"},"query-input":{"@type":"PropertyValueSpecification","valueRequired":true,"valueName":"search_term_string"}}],"inLanguage":"es"}]}},"_links":{"self":[{"href":"https:\/\/laorotava.salesianos.edu\/colegio\/wp-json\/wp\/v2\/pages\/2600","targetHints":{"allow":["GET"]}}],"collection":[{"href":"https:\/\/laorotava.salesianos.edu\/colegio\/wp-json\/wp\/v2\/pages"}],"about":[{"href":"https:\/\/laorotava.salesianos.edu\/colegio\/wp-json\/wp\/v2\/types\/page"}],"author":[{"embeddable":true,"href":"https:\/\/laorotava.salesianos.edu\/colegio\/wp-json\/wp\/v2\/users\/3"}],"replies":[{"embeddable":true,"href":"https:\/\/laorotava.salesianos.edu\/colegio\/wp-json\/wp\/v2\/comments?post=2600"}],"version-history":[{"count":23,"href":"https:\/\/laorotava.salesianos.edu\/colegio\/wp-json\/wp\/v2\/pages\/2600\/revisions"}],"predecessor-version":[{"id":10285,"href":"https:\/\/laorotava.salesianos.edu\/colegio\/wp-json\/wp\/v2\/pages\/2600\/revisions\/10285"}],"wp:attachment":[{"href":"https:\/\/laorotava.salesianos.edu\/colegio\/wp-json\/wp\/v2\/media?parent=2600"}],"curies":[{"name":"wp","href":"https:\/\/api.w.org\/{rel}","templated":true}]}}