{"id":2468,"date":"2017-06-05T13:55:38","date_gmt":"2017-06-05T13:55:38","guid":{"rendered":"https:\/\/laorotava.salesianos.edu\/colegio\/pagina1\/"},"modified":"2025-08-25T06:25:06","modified_gmt":"2025-08-25T06:25:06","slug":"historia","status":"publish","type":"page","link":"https:\/\/laorotava.salesianos.edu\/colegio\/historia\/","title":{"rendered":"Historia"},"content":{"rendered":"<div id=\"fb-root\"><\/div>\n<p>[et_pb_section fb_built=\u00bb1&#8243; fullwidth=\u00bbon\u00bb _builder_version=\u00bb4.16&#8243; custom_padding=\u00bb0px|0px|0px|0px\u00bb global_colors_info=\u00bb{}\u00bb][et_pb_fullwidth_header title=\u00bbHistoria\u00bb module_class=\u00bbpagina-imagen-cabecera\u00bb _builder_version=\u00bb4.16&#8243; title_font=\u00bbGabriela||||||||\u00bb title_font_size=\u00bb80px\u00bb background_color=\u00bbrgba(255, 255, 255, 0)\u00bb use_background_color_gradient=\u00bbon\u00bb background_image=\u00bbhttps:\/\/laorotava.salesianos.edu\/colegio\/wp-content\/uploads\/sites\/2\/2017\/12\/Oratorio-BN.jpg\u00bb background_layout=\u00bblight\u00bb max_width_tablet=\u00bb50px\u00bb title_text_shadow_style=\u00bbpreset5&#8243; global_colors_info=\u00bb{}\u00bb button_one_text_size__hover_enabled=\u00bboff\u00bb button_two_text_size__hover_enabled=\u00bboff\u00bb button_one_text_color__hover_enabled=\u00bboff\u00bb button_two_text_color__hover_enabled=\u00bboff\u00bb button_one_border_width__hover_enabled=\u00bboff\u00bb button_two_border_width__hover_enabled=\u00bboff\u00bb button_one_border_color__hover_enabled=\u00bboff\u00bb button_two_border_color__hover_enabled=\u00bboff\u00bb button_one_border_radius__hover_enabled=\u00bboff\u00bb button_two_border_radius__hover_enabled=\u00bboff\u00bb button_one_letter_spacing__hover_enabled=\u00bboff\u00bb button_two_letter_spacing__hover_enabled=\u00bboff\u00bb button_one_bg_color__hover_enabled=\u00bboff\u00bb button_two_bg_color__hover_enabled=\u00bboff\u00bb]\u00a0<br \/>\n[\/et_pb_fullwidth_header][\/et_pb_section][et_pb_section fb_built=\u00bb1&#8243; admin_label=\u00bbsection\u00bb _builder_version=\u00bb4.16&#8243; custom_padding=\u00bb0px|0px|54px|0px\u00bb global_colors_info=\u00bb{}\u00bb][et_pb_row _builder_version=\u00bb4.16&#8243; background_size=\u00bbinitial\u00bb background_position=\u00bbtop_left\u00bb background_repeat=\u00bbrepeat\u00bb custom_margin=\u00bb25px|||\u00bb custom_padding=\u00bb25px||0px|\u00bb global_colors_info=\u00bb{}\u00bb][et_pb_column type=\u00bb4_4&#8243; _builder_version=\u00bb4.16&#8243; custom_padding=\u00bb|||\u00bb global_colors_info=\u00bb{}\u00bb custom_padding__hover=\u00bb|||\u00bb][et_pb_text _builder_version=\u00bb4.16&#8243; background_size=\u00bbinitial\u00bb background_position=\u00bbtop_left\u00bb background_repeat=\u00bbrepeat\u00bb global_colors_info=\u00bb{}\u00bb]<\/p>\n<h1>Historia<\/h1>\n<p>[\/et_pb_text][et_pb_text _builder_version=\u00bb4.16&#8243; global_colors_info=\u00bb{}\u00bb]<\/p>\n<p id=\"h.p_qCtkaSX6ogkA\" class=\"zfr3Q\" style=\"text-align: justify;\"><span style=\"font-size: large;\">El Colegio San Isidro se funda en 1909 tras la impetuosa labor de <a href=\"http:\/\/archivoorotava.es\/blog\/2016\/05\/12\/nicandro-gonzalez-borges-en-el-archivo-municipal\/\"><span style=\"text-decoration: underline;\"><strong>Don Nicandro Gonz\u00e1lez<\/strong><\/span>,<\/a> quien entendi\u00f3 la necesidad de una escuela en el Valle que diera la posibilidad de transformar un entorno que en aquel momento era mayoritariamente agr\u00edcola. Fueron los Hermanos de La Salle lo que iniciaron la andadura del Colegio. En 1948 el Patronato de la Fundaci\u00f3n San Isidro llega a un acuerdo con la Congregaci\u00f3n Salesiana para la regencia del colegio, una etapa que ya dura hasta nuestros d\u00edas. Aquellos primeros salesianos fueron Claudio S\u00e1nchez, que ejerci\u00f3 como director; Ricardo Barrueco, Agust\u00edn Pacho, Manuel Feijoo, Juan S\u00e1nchez, y V\u00edctor Rodr\u00edguez, que realiz\u00f3 una gran labor en favor de la promoci\u00f3n social de los villeros m\u00e1s desfavorecidos, los que resid\u00edan en la zona alta.\u00a0 <\/span><\/p>\n<p class=\"zfr3Q\" style=\"text-align: justify;\"><span style=\"font-size: large;\">Para luego en 1948 ser la Congregaci\u00f3n Salesiana la que hasta nuestros d\u00edas se encargara de la gesti\u00f3n del Centenerio colegio. Un Colegio con m\u00e1s 100 a\u00f1os de historia que sigue cumpliendo sus objetivos fundacionales; referente en el entorno y transformador de la sociedad.<\/span><\/p>\n<p>[\/et_pb_text][et_pb_toggle title=\u00bbCRONOLOG\u00cdA\u00bb _builder_version=\u00bb4.16&#8243; title_level=\u00bbh2&#8243; title_font=\u00bb||||||||\u00bb title_text_shadow_style=\u00bbpreset2&#8243; text_shadow_style=\u00bbpreset5&#8243; text_shadow_horizontal_length=\u00bb0.26em\u00bb text_shadow_vertical_length=\u00bb-0.05em\u00bb text_shadow_blur_strength=\u00bb0.79em\u00bb global_colors_info=\u00bb{}\u00bb]<\/p>\n<p>Acontecimientos m\u00e1s destacados de la historia del colegio San Isidro de La Orotava.<\/p>\n<p>[\/et_pb_toggle][et_pb_toggle title=\u00bb1887 &#8211; 1908&#8243; _builder_version=\u00bb4.16&#8243; title_text_color=\u00bb#e02b20&#8243; title_level=\u00bbh1&#8243; title_font=\u00bb||||||||\u00bb background_color=\u00bb#e0a7a6&#8243; global_colors_info=\u00bb{}\u00bb]<span style=\"color: #e02b20;\"><strong>1887.-<\/strong><\/span>\u00a0\u00a0El matrimonio formado por <strong>Juan Stirling y Ana Mac-Dowall<\/strong>, naturales de Australia y Escocia, fija su residencia en La Orotava y pronto se percata de la carencia de centros educativos en la zona.<\/p>\n<p><span style=\"color: #e02b20;\"><strong>1906<\/strong>.<\/span>&#8211;\u00a0Tras muchos contactos con algunas congregaciones religiosas para lograr su establecimiento en la Villa y fundar un colegio, los Hermanos de La Salle le dan alguna esperanza a los Stirling y, al sentirse incapaces de afrontar ese gran reto -seg\u00fan cuenta Juan Cullen Salazar en su libro \u00abEl Colegio San Isidro de La Orotava\u00bb-, este matrimonio traslad\u00f3 sus inquietudes al Ayuntamiento de la Villa.<\/p>\n<p><strong><span style=\"color: #ff0000;\">1907<\/span><\/strong>.-\u00a0Con el apoyo del Ayuntamiento de La Orotava, surge una comisi\u00f3n integrada por representantes de diversas entidades, que comenzaron a gestionar la creaci\u00f3n de un nuevo colegio religioso.<\/p>\n<p><span style=\"color: #ff0000;\"><strong>1908<\/strong>.-\u00a0<\/span>Despu\u00e9s de muchas gestiones se consigue que la Congregaci\u00f3n de los Hermanos de las Escuelas Cristianas se comprometan formalmente a regentar el futuro colegio, que se ubicar\u00eda en una casona, propiedad de Seraf\u00edn Celorrio, p\u00e1rroco de San Juan, en la calle de La Hoya. El ayuntamiento otorga una subvenci\u00f3n de 2.027 pesetas al colegio.<\/p>\n<p>&nbsp;<br \/>\n[\/et_pb_toggle][et_pb_toggle title=\u00bb1909 &#8211; 1944&#8243; _builder_version=\u00bb4.16&#8243; title_text_color=\u00bb#e02b20&#8243; title_level=\u00bbh1&#8243; title_font=\u00bb||||||||\u00bb background_color=\u00bb#e0a7a6&#8243; global_colors_info=\u00bb{}\u00bb]<span style=\"color: #e02b20;\"><strong>1909.-<\/strong><\/span>\u00a0El d\u00eda 17 de enero se inaugura, con gran expectaci\u00f3n e inter\u00e9s en la Villa, el colegio San Isidro, regentado por cinco Hermanos de La Salle: el hermano Apolinar, que ejerc\u00eda como director, y los hermanos Publio Mar\u00eda, Tel\u00e9maco, Aponal y Apsade. Todos ellos de nacionalidad francesa, a excepci\u00f3n del espa\u00f1ol Publio Mar\u00eda, seg\u00fan narra Juan Cullen. El colegio inici\u00f3 su andadura con 100 alumnos, un n\u00famero elevado teniendo en cuenta la poblaci\u00f3n de entonces. Estos estudiantes pertenec\u00edan a familias de distinta condici\u00f3n social, ya que por exigencia expresa de la Congregaci\u00f3n de los Hermanos de La Salle, una parte del alumnado gozar\u00eda de gratuidad para favorecer a las familias m\u00e1s necesitadas. El primer regalo que recibi\u00f3 el colegio antes de su inauguraci\u00f3n fue una imagen de San Isidro, patrono de La Orotava, obra del escultor orotavense Jes\u00fas Mar\u00eda Perdig\u00f3n, que don\u00f3 su autor para la capilla del colegio, y que desde entonces permanece en este centro educativo.<\/p>\n<p><span style=\"color: #ff0000;\"><strong>1914<\/strong><\/span>.-\u00a0El colegio San Isidro no puede ampliarse en la sede de la calle La Hoya (hoy Hermano Apolinar) y se plantea una suscripci\u00f3n p\u00fablica para obtener fondos para construir un nuevo colegio que resulta un fracaso. Entonces surge la figura providencial de Nicandro Gonz\u00e1lez y Borges (La Orotava, 1846), quien asume todos los gastos de su construcci\u00f3n y adquiere, el 29 de abril de 1914, los terrenos donde se ubica el actual colegio San Isidro, frente a la plaza Franchi Alfaro. Ese mismo a\u00f1o fallece Ana Mac-Dowall.<\/p>\n<p><span style=\"color: #ff0000;\"><strong>1915<\/strong><\/span>.-\u00a0Fallece Juan Stirling, uno de los grandes promotores del Colegio San Isidro.<\/p>\n<p><span style=\"color: #ff0000;\"><strong>1916<\/strong><\/span>.-\u00a0Nicandro Gonz\u00e1lez y Borges se siente enfermo y ante el temor de no poder concluir en vida su tarea, el 1 de mayo de 1916<strong> crea la Fundaci\u00f3n San Isidro,<\/strong> desprendi\u00e9ndose de la mayor parte de su importante patrimonio con el objetivo de garantizar la edificaci\u00f3n del colegio y su funcionamiento futuro. S\u00f3lo ocho d\u00edas despu\u00e9s fallece y la Fundaci\u00f3n inicia su arduo trabajo.<\/p>\n<p><span style=\"color: #ff0000;\"><strong>1919<\/strong><\/span>.-\u00a0\u00a0El d\u00eda 23 de julio, ya finalizado el curso escolar, los Hermanos de las Escuelas Cristianas se trasladan al nuevo centro, a\u00fan en obras. El nuevo colegio San Isidro, en la plaza Franchi Alfaro. La apertura oficial se produjo, sin boato, en octubre de ese a\u00f1o.<\/p>\n<p><span style=\"color: #ff0000;\"><strong>1941<\/strong><\/span>.-\u00a0Los Hermanos de La Salle dejan el colegio San Isidro en julio de 1941 para abrir nuevamente el colegio La Salle-San Ildefonso, en Santa Cruz de Tenerife, cerrado desde 1933 como consecuencia de la ley de Aza\u00f1a sobre congregaciones religiosas. Un centenar de miembros de esta congregaci\u00f3n hab\u00eda pasado por la Villa en sus 32 a\u00f1os de labor docente. \u00abEl colegio San Isidro queda hu\u00e9rfano de estos espl\u00e9ndidos educadores y entra en un periodo de hibernaci\u00f3n\u00bb, seg\u00fan narra Juan Cullen. En este periodo de transici\u00f3n no llega a cerrarse y funciona con profesorado seglar y el apoyo de los Padres Paules.<\/p>\n<p>&nbsp;<br \/>\n[\/et_pb_toggle][et_pb_toggle title=\u00bb1948 &#8211; 1975&#8243; _builder_version=\u00bb4.16&#8243; title_text_color=\u00bb#e02b20&#8243; title_level=\u00bbh1&#8243; title_font=\u00bb||||||||\u00bb background_color=\u00bb#e0a7a6&#8243; global_colors_info=\u00bb{}\u00bb]<span style=\"color: #e02b20;\"><strong>1948.-<\/strong><\/span>\u00a0El Patronato de la Fundaci\u00f3n San Isidro llega a un <strong>acuerdo con la Congregaci\u00f3n Salesiana para la regencia del colegio<\/strong>, una etapa que dura ya 61 a\u00f1os. Aquellos primeros salesianos fueron Claudio S\u00e1nchez, que ejerci\u00f3 como director; Ricardo Barrueco, Agust\u00edn Pacho, Manuel Feijoo, Juan S\u00e1nchez, y V\u00edctor Rodr\u00edguez, que realiz\u00f3 una gran labor en favor de la promoci\u00f3n social de los villeros m\u00e1s desfavorecidos, los que resid\u00edan en la zona alta. Su papel result\u00f3 clave en hechos hist\u00f3ricos como la manifestaci\u00f3n de las velas o la fundaci\u00f3n de la AIO.<\/p>\n<p><span style=\"color: #ff0000;\"><strong>1949<\/strong><\/span>.-\u00a0Se inaugura el <strong>campo de f\u00fatbol<\/strong> del colegio Salesiano San Isidro.<\/p>\n<p><span style=\"color: #ff0000;\"><strong>1954<\/strong><\/span>.-\u00a0Primera promoci\u00f3n de bachilleres y apertura del <strong>internado<\/strong>, que lleg\u00f3 a contar con 130 alumnos residentes.<\/p>\n<p><span style=\"color: #ff0000;\"><strong>1965.<\/strong><\/span>&#8211;\u00a0Se constituye la<strong> asociaci\u00f3n de antiguos alumnos<\/strong> y comienzan las obras del nuevo pabell\u00f3n escolar, con capacidad para 406 nuevos alumnos.<\/p>\n<p><span style=\"color: #ff0000;\"><strong>1969<\/strong><\/span>.-\u00a0Se construye el nuevo campo de f\u00fatbol y la estructura de la <strong>piscina<\/strong> y el <strong>polideportivo<\/strong>.<\/p>\n<p><span style=\"color: #ff0000;\"><strong>1970<\/strong><\/span>.-\u00a0Se ampl\u00eda el nuevo pabell\u00f3n escolar con 500 nuevos puestos, lo que eleva la capacidad del centro<strong> hasta 1.200 alumnos.<\/strong><\/p>\n<p><span style=\"color: #ff0000;\"><strong>1971<\/strong><\/span>.-\u00a0\u00a0Se inaugura el polideportivo y se <strong>cierra definitivamente el internado<\/strong>, seg\u00fan informa el actual director del centro.<\/p>\n<p><span style=\"color: #ff0000;\"><strong>1973<\/strong><\/span>.-\u00a0<strong>Se inaugura la piscina<\/strong>, tras cuatro a\u00f1os de obras, retrasos y parones.<\/p>\n<p><span style=\"color: #ff0000;\"><strong>1975<\/strong><\/span>.-\u00a0El colegio logra la homologaci\u00f3n para impartir el nuevo <strong>Bachillerato Unificado Polivalente (BUP)<\/strong>. Por primera vez se admiten mujeres. El bachillerato pasa a ser mixto. El centro tiene ya 1.200 alumnos.<\/p>\n<p>&nbsp;<br \/>\n[\/et_pb_toggle][et_pb_toggle title=\u00bb1975 &#8211; 1999&#8243; _builder_version=\u00bb4.16&#8243; title_text_color=\u00bb#e02b20&#8243; title_level=\u00bbh1&#8243; title_font=\u00bb||||||||\u00bb background_color=\u00bb#e0a7a6&#8243; global_colors_info=\u00bb{}\u00bb]<span style=\"color: #e02b20;\"><strong>1977.-<\/strong><\/span>\u00a0Comienza a celebrarse el <strong>Cross Mar\u00eda Auxiliadora<\/strong>.<\/p>\n<p><span style=\"color: #ff0000;\"><strong>1979<\/strong><\/span>.-\u00a0Se inicia la obra para cubrir la piscina, que se termina al a\u00f1o siguiente.<\/p>\n<p><span style=\"color: #ff0000;\"><strong>1981<\/strong><\/span>.- <strong>Muere Esteban Corral Gajate (SDB)<\/strong> y se convierte en el primer salesiano fallecido en la Villa.<\/p>\n<p><span style=\"color: #ff0000;\">1<\/span><strong><span style=\"color: #ff0000;\">986<\/span>.<\/strong>&#8211;\u00a0Se firma el primer <strong>concierto educativo<\/strong> con el Gobierno de Canarias, lo que permite que todos los alumnos reciban ense\u00f1anza gratuita.<\/p>\n<p><span style=\"color: #ff0000;\"><strong>1988<\/strong><\/span>.- A\u00f1o del centeanario de la muerte de San Juan Bosco.<\/p>\n<p><span style=\"color: #ff0000;\"><strong>1989<\/strong><\/span>.-\u00a0Clausura de los actos del centenario de la muerte de San Juan Bosco y <strong>visita del cardenal salesiano Antonio Javierre Ortas.<\/strong><\/p>\n<p><span style=\"color: #ff0000;\"><strong>1990<\/strong><\/span>.-<strong>\u00a0Se asfalta el campo de f\u00fatbol <\/strong>para convertirlo en<strong> una gran pista polideportiva.<\/strong><\/p>\n<p><span style=\"color: #ff0000;\"><strong>1992<\/strong><\/span>.-<strong>\u00a0<\/strong>Se inicia la obra para<strong> cubrir el polideportivo, <\/strong>que concluye un a\u00f1o despu\u00e9s.<\/p>\n<p><span style=\"color: #ff0000;\"><strong>1998<\/strong><\/span>.-\u00a0<strong>Cincuentenario<\/strong> de la llegada de los salesianos a la Villa.<\/p>\n<p>&nbsp;<br \/>\n[\/et_pb_toggle][et_pb_toggle title=\u00bb2000 &#8211; Actualidad\u00bb _builder_version=\u00bb4.22.2&#8243; title_text_color=\u00bb#e02b20&#8243; title_level=\u00bbh1&#8243; background_color=\u00bb#e0a7a6&#8243; hover_enabled=\u00bb0&#8243; global_colors_info=\u00bb{}\u00bb sticky_enabled=\u00bb0&#8243;]<\/p>\n<p><span style=\"font-size: 14px;\"><span style=\"color: #ff0000;\"><b>2009<\/b><\/span>.- Centenario del Colegio San Isidro.<\/span><\/p>\n<p><span style=\"color: #ff0000;\"><b>2016<\/b><\/span>.- El colegio recibe el reconocimiento LIGHT HAUSE, por parte de Apple Education, en reconocimiento al cambio metodol\u00f3gico llevado a cabo en los \u00faltimos a\u00f1os por parte de todo su claustro, introduciendo los iPads como herramienta educativa.<\/p>\n<p><span style=\"color: #ff0000;\"><b>2020<\/b><\/span>.- La COVID \u00b419 lo cambi\u00f3 todo. El colegio Salesiano San Isidro es noticia debido a que debe cerrar sus puertas ante la aleta de un profesor contagiado por coronavirus. a partir de ah\u00ed se suspenden las clases en toda Espa\u00f1a, comienza el confinamiento y las clases se deben realizar de forma on line.<\/p>\n<p><span style=\"color: #ff0000;\"><b>2023<\/b><\/span>.- Se cumple el 75 aniversario de la presencia salesiana en la Villa de La Orotava. Dos grandes acontecimientos para la celebraci\u00f3n de dicho aniversario:<br \/>* <a href=\"https:\/\/laorotava.salesianos.edu\/coronacion-de-maria-auxiliadora\/\">CORONACI\u00d3N CAN\u00d3NICA DE MAR\u00cdA AUXILIADORA.\u00a0<\/a><br \/>* <a href=\"https:\/\/www.youtube.com\/watch?v=h-bUysZ8aAk&amp;t=4s\">VISITA DEL RECTOR MAYOR A LA OROTAVA<\/a><\/p>\n<p>&nbsp;<\/p>\n<p>&nbsp;<\/p>\n<p>[\/et_pb_toggle][\/et_pb_column][\/et_pb_row][\/et_pb_section]<\/p>\n<!-- AddThis Advanced Settings generic via filter on the_content --><!-- AddThis Share Buttons generic via filter on the_content -->","protected":false},"excerpt":{"rendered":"<p>\u00a0 Historia El Colegio San Isidro se funda en 1909 tras la impetuosa labor de Don Nicandro Gonz\u00e1lez, quien entendi\u00f3 la necesidad de una escuela en el Valle que diera la posibilidad de transformar un entorno que en aquel momento era mayoritariamente agr\u00edcola. Fueron los Hermanos de La Salle lo que iniciaron la andadura del [&hellip;]<\/p>\n<p><!-- AddThis Advanced Settings generic via filter on get_the_excerpt --><!-- AddThis Share Buttons generic via filter on get_the_excerpt --><\/p>\n","protected":false},"author":3,"featured_media":0,"parent":0,"menu_order":0,"comment_status":"closed","ping_status":"closed","template":"","meta":{"_et_pb_use_builder":"on","_et_pb_old_content":"","_et_gb_content_width":"","footnotes":""},"class_list":["post-2468","page","type-page","status-publish","hentry"],"yoast_head":"<!-- This site is optimized with the Yoast SEO plugin v28.3 - https:\/\/yoast.com\/product\/yoast-seo-wordpress\/ -->\n<title>Historia - Colegio Salesiano San Isidro<\/title>\n<meta name=\"robots\" content=\"index, follow, max-snippet:-1, max-image-preview:large, max-video-preview:-1\" \/>\n<link rel=\"canonical\" href=\"https:\/\/laorotava.salesianos.edu\/colegio\/historia\/\" \/>\n<meta property=\"og:locale\" content=\"es_ES\" \/>\n<meta property=\"og:type\" content=\"article\" \/>\n<meta property=\"og:title\" content=\"Historia - Colegio Salesiano San Isidro\" \/>\n<meta property=\"og:description\" content=\"\u00a0 Historia El Colegio San Isidro se funda en 1909 tras la impetuosa labor de Don Nicandro Gonz\u00e1lez, quien entendi\u00f3 la necesidad de una escuela en el Valle que diera la posibilidad de transformar un entorno que en aquel momento era mayoritariamente agr\u00edcola. Fueron los Hermanos de La Salle lo que iniciaron la andadura del [&hellip;]\" \/>\n<meta property=\"og:url\" content=\"https:\/\/laorotava.salesianos.edu\/colegio\/historia\/\" \/>\n<meta property=\"og:site_name\" content=\"Colegio Salesiano San Isidro\" \/>\n<meta property=\"article:modified_time\" content=\"2025-08-25T06:25:06+00:00\" \/>\n<meta name=\"twitter:card\" content=\"summary_large_image\" \/>\n<meta name=\"twitter:label1\" content=\"Tiempo de lectura\" \/>\n\t<meta name=\"twitter:data1\" content=\"7 minutos\" \/>\n<script type=\"application\/ld+json\" class=\"yoast-schema-graph\">{\"@context\":\"https:\\\/\\\/schema.org\",\"@graph\":[{\"@type\":\"WebPage\",\"@id\":\"https:\\\/\\\/laorotava.salesianos.edu\\\/colegio\\\/historia\\\/\",\"url\":\"https:\\\/\\\/laorotava.salesianos.edu\\\/colegio\\\/historia\\\/\",\"name\":\"Historia - Colegio Salesiano San Isidro\",\"isPartOf\":{\"@id\":\"https:\\\/\\\/laorotava.salesianos.edu\\\/colegio\\\/#website\"},\"datePublished\":\"2017-06-05T13:55:38+00:00\",\"dateModified\":\"2025-08-25T06:25:06+00:00\",\"breadcrumb\":{\"@id\":\"https:\\\/\\\/laorotava.salesianos.edu\\\/colegio\\\/historia\\\/#breadcrumb\"},\"inLanguage\":\"es\",\"potentialAction\":[{\"@type\":\"ReadAction\",\"target\":[\"https:\\\/\\\/laorotava.salesianos.edu\\\/colegio\\\/historia\\\/\"]}]},{\"@type\":\"BreadcrumbList\",\"@id\":\"https:\\\/\\\/laorotava.salesianos.edu\\\/colegio\\\/historia\\\/#breadcrumb\",\"itemListElement\":[{\"@type\":\"ListItem\",\"position\":1,\"name\":\"Portada\",\"item\":\"https:\\\/\\\/laorotava.salesianos.edu\\\/colegio\\\/\"},{\"@type\":\"ListItem\",\"position\":2,\"name\":\"Historia\"}]},{\"@type\":\"WebSite\",\"@id\":\"https:\\\/\\\/laorotava.salesianos.edu\\\/colegio\\\/#website\",\"url\":\"https:\\\/\\\/laorotava.salesianos.edu\\\/colegio\\\/\",\"name\":\"Colegio Salesiano San Isidro\",\"description\":\"P\u00e1gina oficial Colegio Salesiano San Isidro\",\"potentialAction\":[{\"@type\":\"SearchAction\",\"target\":{\"@type\":\"EntryPoint\",\"urlTemplate\":\"https:\\\/\\\/laorotava.salesianos.edu\\\/colegio\\\/?s={search_term_string}\"},\"query-input\":{\"@type\":\"PropertyValueSpecification\",\"valueRequired\":true,\"valueName\":\"search_term_string\"}}],\"inLanguage\":\"es\"}]}<\/script>\n<!-- \/ Yoast SEO plugin. -->","yoast_head_json":{"title":"Historia - Colegio Salesiano San Isidro","robots":{"index":"index","follow":"follow","max-snippet":"max-snippet:-1","max-image-preview":"max-image-preview:large","max-video-preview":"max-video-preview:-1"},"canonical":"https:\/\/laorotava.salesianos.edu\/colegio\/historia\/","og_locale":"es_ES","og_type":"article","og_title":"Historia - Colegio Salesiano San Isidro","og_description":"\u00a0 Historia El Colegio San Isidro se funda en 1909 tras la impetuosa labor de Don Nicandro Gonz\u00e1lez, quien entendi\u00f3 la necesidad de una escuela en el Valle que diera la posibilidad de transformar un entorno que en aquel momento era mayoritariamente agr\u00edcola. Fueron los Hermanos de La Salle lo que iniciaron la andadura del [&hellip;]","og_url":"https:\/\/laorotava.salesianos.edu\/colegio\/historia\/","og_site_name":"Colegio Salesiano San Isidro","article_modified_time":"2025-08-25T06:25:06+00:00","twitter_card":"summary_large_image","twitter_misc":{"Tiempo de lectura":"7 minutos"},"schema":{"@context":"https:\/\/schema.org","@graph":[{"@type":"WebPage","@id":"https:\/\/laorotava.salesianos.edu\/colegio\/historia\/","url":"https:\/\/laorotava.salesianos.edu\/colegio\/historia\/","name":"Historia - Colegio Salesiano San Isidro","isPartOf":{"@id":"https:\/\/laorotava.salesianos.edu\/colegio\/#website"},"datePublished":"2017-06-05T13:55:38+00:00","dateModified":"2025-08-25T06:25:06+00:00","breadcrumb":{"@id":"https:\/\/laorotava.salesianos.edu\/colegio\/historia\/#breadcrumb"},"inLanguage":"es","potentialAction":[{"@type":"ReadAction","target":["https:\/\/laorotava.salesianos.edu\/colegio\/historia\/"]}]},{"@type":"BreadcrumbList","@id":"https:\/\/laorotava.salesianos.edu\/colegio\/historia\/#breadcrumb","itemListElement":[{"@type":"ListItem","position":1,"name":"Portada","item":"https:\/\/laorotava.salesianos.edu\/colegio\/"},{"@type":"ListItem","position":2,"name":"Historia"}]},{"@type":"WebSite","@id":"https:\/\/laorotava.salesianos.edu\/colegio\/#website","url":"https:\/\/laorotava.salesianos.edu\/colegio\/","name":"Colegio Salesiano San Isidro","description":"P\u00e1gina oficial Colegio Salesiano San Isidro","potentialAction":[{"@type":"SearchAction","target":{"@type":"EntryPoint","urlTemplate":"https:\/\/laorotava.salesianos.edu\/colegio\/?s={search_term_string}"},"query-input":{"@type":"PropertyValueSpecification","valueRequired":true,"valueName":"search_term_string"}}],"inLanguage":"es"}]}},"_links":{"self":[{"href":"https:\/\/laorotava.salesianos.edu\/colegio\/wp-json\/wp\/v2\/pages\/2468","targetHints":{"allow":["GET"]}}],"collection":[{"href":"https:\/\/laorotava.salesianos.edu\/colegio\/wp-json\/wp\/v2\/pages"}],"about":[{"href":"https:\/\/laorotava.salesianos.edu\/colegio\/wp-json\/wp\/v2\/types\/page"}],"author":[{"embeddable":true,"href":"https:\/\/laorotava.salesianos.edu\/colegio\/wp-json\/wp\/v2\/users\/3"}],"replies":[{"embeddable":true,"href":"https:\/\/laorotava.salesianos.edu\/colegio\/wp-json\/wp\/v2\/comments?post=2468"}],"version-history":[{"count":18,"href":"https:\/\/laorotava.salesianos.edu\/colegio\/wp-json\/wp\/v2\/pages\/2468\/revisions"}],"predecessor-version":[{"id":10021,"href":"https:\/\/laorotava.salesianos.edu\/colegio\/wp-json\/wp\/v2\/pages\/2468\/revisions\/10021"}],"wp:attachment":[{"href":"https:\/\/laorotava.salesianos.edu\/colegio\/wp-json\/wp\/v2\/media?parent=2468"}],"curies":[{"name":"wp","href":"https:\/\/api.w.org\/{rel}","templated":true}]}}